{"id":12426,"date":"2024-10-09T15:21:55","date_gmt":"2024-10-09T13:21:55","guid":{"rendered":"https:\/\/agorafabrics.com\/notizie\/"},"modified":"2026-04-15T20:24:19","modified_gmt":"2026-04-15T18:24:19","slug":"notizie","status":"publish","type":"page","link":"https:\/\/agorafabrics.com\/it\/notizie\/","title":{"rendered":"Notizie"},"content":{"rendered":"\t\t<div data-elementor-type=\"wp-page\" data-elementor-id=\"12426\" class=\"elementor elementor-12426 elementor-891\" data-elementor-post-type=\"page\">\n\t\t\t\t<div class=\"elementor-element elementor-element-838641c e-flex e-con-boxed e-con e-parent\" data-id=\"838641c\" data-element_type=\"container\" data-e-type=\"container\">\n\t\t\t\t\t<div class=\"e-con-inner\">\n\t\t<div class=\"elementor-element elementor-element-f78e0e1 e-con-full e-flex e-con e-child\" data-id=\"f78e0e1\" data-element_type=\"container\" data-e-type=\"container\">\n\t\t\t\t<div class=\"elementor-element elementor-element-ba962b4 elementor-widget elementor-widget-heading\" data-id=\"ba962b4\" data-element_type=\"widget\" data-e-type=\"widget\" data-widget_type=\"heading.default\">\n\t\t\t\t\t<h1 class=\"elementor-heading-title elementor-size-default\">Notizie in evidenza<\/h1>\t\t\t\t<\/div>\n\t\t\t\t<div data-dce-text-color=\"#000000\" data-dce-title-color=\"#000000\" class=\"elementor-element elementor-element-9ab4959 elementor-widget elementor-widget-ucaddon_post_carousel\" data-id=\"9ab4959\" data-element_type=\"widget\" data-e-type=\"widget\" data-widget_type=\"ucaddon_post_carousel.default\">\n\t\t\t\t<div class=\"elementor-widget-container\">\n\t\t\t\t\t\n<!-- start Post Carousel -->\n\t\t<link id='font-awesome-css' href='https:\/\/agorafabrics.com\/wp-content\/plugins\/unlimited-elements-for-elementor-premium\/assets_libraries\/font-awesome6\/fontawesome-all.min.css' type='text\/css' rel='stylesheet' >\n\t\t<link id='font-awesome-4-shim-css' href='https:\/\/agorafabrics.com\/wp-content\/plugins\/unlimited-elements-for-elementor-premium\/assets_libraries\/font-awesome6\/fontawesome-v4-shims.min.css' type='text\/css' rel='stylesheet' >\n\t\t<link id='owl-carousel-css' href='https:\/\/agorafabrics.com\/wp-content\/plugins\/unlimited-elements-for-elementor-premium\/assets_libraries\/owl-carousel-new\/assets\/owl.carousel.css' type='text\/css' rel='stylesheet' >\n\t\t<link id='lity-css' href='https:\/\/agorafabrics.com\/wp-content\/plugins\/unlimited-elements-for-elementor-premium\/assets_libraries\/lity\/lity.min.css' type='text\/css' rel='stylesheet' >\n\n<style>\/* widget: Post Carousel *\/\n\n#uc_post_carousel_elementor_9ab4959-wrapper{\n  min-height:1px;\n}\n\n#uc_post_carousel_elementor_9ab4959 *{\n  box-sizing:border-box;\n}\n\n#uc_post_carousel_elementor_9ab4959 .ue-grid-item-category a{\n  white-space: nowrap;\n}\n\n\n#uc_post_carousel_elementor_9ab4959{\n  position:relative;\n}\n\n.uc_post_title{\n  font-size:21px;\n}\n\n#uc_post_carousel_elementor_9ab4959 .ue-item{\n  transition:0.3s;\n  position:relative;\n}\n\n#uc_post_carousel_elementor_9ab4959 .uc_image_carousel_placeholder{\n  position:relative;\n}\n\n#uc_post_carousel_elementor_9ab4959 .ue_pos_carousel_image_overlay{\n  position:absolute;\n  top:0;\n  bottom:0;\n  left:0;\n  right:0;\n  transition:0.3s;\n}\n\n#uc_post_carousel_elementor_9ab4959 .owl-stage{\n  display:flex;\n}\n\n#uc_post_carousel_elementor_9ab4959 .uc_image_carousel_container_holder{\n  display: flex;\n  flex-direction: column;\n  height: 100%;\n}\n\n#uc_post_carousel_elementor_9ab4959 .uc_image_carousel_content{\n  flex-grow: 1;\n  justify-content: space-between;}\n\n\n#uc_post_carousel_elementor_9ab4959 .uc_carousel_item{\n  overflow:hidden;\n}\n\n#uc_post_carousel_elementor_9ab4959 .owl-nav .owl-prev{\n    position:absolute;\n    display:inline-block;\n    text-align:center;  \t\n    \t\n\n}\n#uc_post_carousel_elementor_9ab4959 .owl-nav .owl-next{\n  position:absolute;\n  display:inline-block;\n  text-align:center;\n  \t\n}\n\n\n#uc_post_carousel_elementor_9ab4959 .owl-dots {\n  overflow:hidden;\n  display:flex !important;\n}\n\n#uc_post_carousel_elementor_9ab4959 .owl-dot {\n  border-radius:50%;\n  display:inline-block;\n  padding: 0;\n}\n\n#uc_post_carousel_elementor_9ab4959 .uc_more_btn{\n  display:inline-block;\n  text-align:center;\n  text-decoration:none;\n}  \n\n#uc_post_carousel_elementor_9ab4959 .uc_more_btn svg{\n  width:1em;\n  height:1em;\n}\n\n#uc_post_carousel_elementor_9ab4959 .uc_image_carousel_placeholder{\n  overflow:hidden;\n}\n#uc_post_carousel_elementor_9ab4959 .uc_image_carousel_placeholder img{\n  display:block;\n  width:100%;\n}\n\n#uc_post_carousel_elementor_9ab4959 .uc_image_carousel_content {\n  display:flex;\n  flex-direction:column;\n}\n\n\t#uc_post_carousel_elementor_9ab4959 .uc_image_carousel_content .ue-item-btn-holder    {\n      margin-top:auto;\n    } \n\t\n\n\n\n\n\n\n\n\n\n#uc_post_carousel_elementor_9ab4959 .ue-meta-data{  \n  display:flex !important;\n  flex-wrap: wrap;\n  line-height:1em;\n}\n\n#uc_post_carousel_elementor_9ab4959 .ue-grid-item-meta-data{\n      display:inline-flex;\n      align-items:center;\n}\n\n.ue-grid-item-meta-data{\n  font-size:12px;\n}\n\n#uc_post_carousel_elementor_9ab4959 .ue-grid-item-meta-data-icon{\n  line-height:1em;\n}\n\n#uc_post_carousel_elementor_9ab4959 .ue-grid-item-meta-data-icon svg{\n  width:1em;\n  height:1em;\n}\n\n#uc_post_carousel_elementor_9ab4959 .ue-debug-meta{\n  padding:10px;\n  border:1px solid red;\n  position:relative;\n  line-height:1.5em;\n  font-size:11px;\n  width:100%;\n}\n\n\n\n#uc_post_carousel_elementor_9ab4959 .owl-nav .owl-prev.disabled,\n#uc_post_carousel_elementor_9ab4959 .owl-nav .owl-next.disabled {\n   display: none;\n}\n\n<\/style>\n\n<div class=\"uc_overlay_image_carousel\" id=\"uc_post_carousel_elementor_9ab4959-wrapper\">\n   <div class=\"uc_carousel owl-carousel owl-theme uc-items-wrapper  uc-avoid-duplicates \" data-custom-sethtml=\"true\"  data-postids='28901,28686,28409,27601,21195,19948,24662' data-id=\"\" id=\"uc_post_carousel_elementor_9ab4959\" >\n   \t\t<div class=\"uc_image_carousel_container_holder uc_carousel_item ue-item\">\n  \n    <div class=\"uc_image_carousel_placeholder \">\n                 \n            <img loading=\"lazy\" decoding=\"async\" src=\"https:\/\/agorafabrics.com\/wp-content\/uploads\/2026\/04\/1.jpg\"  src=\"https:\/\/agorafabrics.com\/wp-content\/uploads\/2026\/04\/1.jpg\" alt=\"1\" width=\"1080\" height=\"1350\" alt=\"1\" title=\"1\"> \n        \t\n        <div class=\"ue_pos_carousel_image_overlay\"><\/div>\n          <\/div>\n  \n  \n    <div class=\"uc_image_carousel_content\" >\n        <div>\n          \n                   \n        \t        \t\t          \t        \n        \t<div class=\"ue-grid-item-category\">\n                            <a href=\"https:\/\/agorafabrics.com\/it\/category\/fiere\/\">Fiere<\/a>\n                      \t<\/div>        \n                            \n          \n                   <a href=\"https:\/\/agorafabrics.com\/it\/riepilogo-salone-del-mobile-2026\/\">            <div class=\"uc_post_title\">Dal Salone al Fuorisalone: la settimana di Agora Fabrics a Milano<\/div>\n          <\/a>                   \n         \n         <div class=\"ue-meta-data\">\n                        \t\t\t            \n                                    \n            \n                        \n                        \n                       \n                      \n           \n             \n            \n          <\/div>          \n          \n        <div class=\"uc_paragraph\" >\u00a1AGORA FABRICS EN MIL\u00c1N; ENTRE TEJIDOS, ENCUENTROS Y RECONOCIMIENTOS!\nTras una semana de actividad en...<\/div>        \n        <\/div>\n    \n            \n    \t<div class=\"ue-item-btn-holder\">   \n           <a target=\"_self\" href=\"https:\/\/agorafabrics.com\/it\/riepilogo-salone-del-mobile-2026\/\" class=\"uc_more_btn ue-dynamic-popup-single \" href='https:\/\/agorafabrics.com\/it\/riepilogo-salone-del-mobile-2026\/'>Per saperne di pi\u00f9<\/a>\n\t\t<\/div>\n    \n          <\/div>\n    \n  \n    \n<\/div>\n<div class=\"uc_image_carousel_container_holder uc_carousel_item ue-item\">\n  \n    <div class=\"uc_image_carousel_placeholder \">\n                 \n            <img loading=\"lazy\" decoding=\"async\" src=\"https:\/\/agorafabrics.com\/wp-content\/uploads\/2026\/04\/PUESTA-DE-SOL-1.png\"  src=\"https:\/\/agorafabrics.com\/wp-content\/uploads\/2026\/04\/PUESTA-DE-SOL-1.png\" alt=\"PUESTA DE SOL (1)\" width=\"1080\" height=\"1350\" alt=\"PUESTA DE SOL (1)\" title=\"PUESTA DE SOL (1)\"> \n        \t\n        <div class=\"ue_pos_carousel_image_overlay\"><\/div>\n          <\/div>\n  \n  \n    <div class=\"uc_image_carousel_content\" >\n        <div>\n          \n                   \n        \t        \t\t          \t        \n        \t<div class=\"ue-grid-item-category\">\n                            <a href=\"https:\/\/agorafabrics.com\/it\/category\/fiere\/\">Fiere<\/a>\n                      \t<\/div>        \n                            \n          \n                   <a href=\"https:\/\/agorafabrics.com\/it\/agora-fabrics-al-salone-del-mobile-e-fuorisalone-2026\/\">            <div class=\"uc_post_title\">Preparati alla settimana del design di Milano!<\/div>\n          <\/a>                   \n         \n         <div class=\"ue-meta-data\">\n                        \t\t\t            \n                                    \n            \n                        \n                        \n                       \n                      \n           \n             \n            \n          <\/div>          \n          \n        <div class=\"uc_paragraph\" >Agora Fabrics al Salone del Mobile e Fuorisalone 2026: collezioni, stand e partecipazione\nAnche quest\u2019anno...<\/div>        \n        <\/div>\n    \n            \n    \t<div class=\"ue-item-btn-holder\">   \n           <a target=\"_self\" href=\"https:\/\/agorafabrics.com\/it\/agora-fabrics-al-salone-del-mobile-e-fuorisalone-2026\/\" class=\"uc_more_btn ue-dynamic-popup-single \" href='https:\/\/agorafabrics.com\/it\/agora-fabrics-al-salone-del-mobile-e-fuorisalone-2026\/'>Per saperne di pi\u00f9<\/a>\n\t\t<\/div>\n    \n          <\/div>\n    \n  \n    \n<\/div>\n<div class=\"uc_image_carousel_container_holder uc_carousel_item ue-item\">\n  \n    <div class=\"uc_image_carousel_placeholder \">\n                 \n            <img loading=\"lazy\" decoding=\"async\" src=\"https:\/\/agorafabrics.com\/wp-content\/uploads\/2026\/03\/Agora-2026-76-scaled.jpg\"  src=\"https:\/\/agorafabrics.com\/wp-content\/uploads\/2026\/03\/Agora-2026-76-scaled.jpg\" alt=\"Agor\u00e0 - 2026-76\" width=\"2560\" height=\"1707\" alt=\"Agor\u00e0 - 2026-76\" title=\"Agor\u00e0 - 2026-76\"> \n        \t\n        <div class=\"ue_pos_carousel_image_overlay\"><\/div>\n          <\/div>\n  \n  \n    <div class=\"uc_image_carousel_content\" >\n        <div>\n          \n                   \n        \t        \t\t          \t        \n        \t<div class=\"ue-grid-item-category\">\n                            <a href=\"https:\/\/agorafabrics.com\/it\/category\/fiere\/\">Fiere<\/a>\n                      \t<\/div>        \n                            \n          \n                   <a href=\"https:\/\/agorafabrics.com\/it\/una-serata-per-celebrare-la-comunita-di-agora-fabrics\/\">            <div class=\"uc_post_title\">Una serata per celebrare la comunit\u00e0 di Agora Fabrics<\/div>\n          <\/a>                   \n         \n         <div class=\"ue-meta-data\">\n                        \t\t\t            \n                                    \n            \n                        \n                        \n                       \n                      \n           \n             \n            \n          <\/div>          \n          \n        <div class=\"uc_paragraph\" >UNA SERATA PER CELEBRARE LA COMUNIT\u00c0 DI AGOR\u00c0!\n\n\n\n\n\n\n\n\t\t\t\t\t\t\n\t\t\t\t\t\t\t\t\t\t\t\nUno dei momenti pi\u00f9 chiacchierati...<\/div>        \n        <\/div>\n    \n            \n    \t<div class=\"ue-item-btn-holder\">   \n           <a target=\"_self\" href=\"https:\/\/agorafabrics.com\/it\/una-serata-per-celebrare-la-comunita-di-agora-fabrics\/\" class=\"uc_more_btn ue-dynamic-popup-single \" href='https:\/\/agorafabrics.com\/it\/una-serata-per-celebrare-la-comunita-di-agora-fabrics\/'>Per saperne di pi\u00f9<\/a>\n\t\t<\/div>\n    \n          <\/div>\n    \n  \n    \n<\/div>\n<div class=\"uc_image_carousel_container_holder uc_carousel_item ue-item\">\n  \n    <div class=\"uc_image_carousel_placeholder \">\n                 \n            <img loading=\"lazy\" decoding=\"async\" src=\"https:\/\/agorafabrics.com\/wp-content\/uploads\/2026\/02\/Diseno-sin-titulo-22-scaled.jpg\"  src=\"https:\/\/agorafabrics.com\/wp-content\/uploads\/2026\/02\/Diseno-sin-titulo-22-scaled.jpg\" alt=\"Design senza titolo (22)\" width=\"2560\" height=\"1924\" alt=\"Design senza titolo (22)\" title=\"Design senza titolo (22)\"> \n        \t\n        <div class=\"ue_pos_carousel_image_overlay\"><\/div>\n          <\/div>\n  \n  \n    <div class=\"uc_image_carousel_content\" >\n        <div>\n          \n                   \n        \t        \t\t          \t        \n        \t<div class=\"ue-grid-item-category\">\n                            <a href=\"https:\/\/agorafabrics.com\/it\/category\/agora-signature-series\/\">Agora Signature Series<\/a>\n                      \t<\/div>        \n                            \n          \n                   <a href=\"https:\/\/agorafabrics.com\/it\/premio-if-design\/\">            <div class=\"uc_post_title\">Premio IF Design<\/div>\n          <\/a>                   \n         \n         <div class=\"ue-meta-data\">\n                        \t\t\t            \n                                    \n            \n                        \n                        \n                       \n                      \n           \n             \n            \n          <\/div>          \n          \n        <div class=\"uc_paragraph\" >ABBIAMO VINTO IL PRESTIGIOSO iF DESIGN AWARD 2026 PER LA COLLEZIONE AGORA SIGNATURE SERIES CALA BY SANTIAGO...<\/div>        \n        <\/div>\n    \n            \n    \t<div class=\"ue-item-btn-holder\">   \n           <a target=\"_self\" href=\"https:\/\/agorafabrics.com\/it\/premio-if-design\/\" class=\"uc_more_btn ue-dynamic-popup-single \" href='https:\/\/agorafabrics.com\/it\/premio-if-design\/'>Per saperne di pi\u00f9<\/a>\n\t\t<\/div>\n    \n          <\/div>\n    \n  \n    \n<\/div>\n<div class=\"uc_image_carousel_container_holder uc_carousel_item ue-item\">\n  \n    <div class=\"uc_image_carousel_placeholder \">\n                 \n            <img loading=\"lazy\" decoding=\"async\" src=\"https:\/\/agorafabrics.com\/wp-content\/uploads\/2026\/02\/HARBOUR-PHOTO-2-scaled.jpeg\"  src=\"https:\/\/agorafabrics.com\/wp-content\/uploads\/2026\/02\/HARBOUR-PHOTO-2-scaled.jpeg\" alt=\"FOTO DEL PORTO 2\" width=\"2560\" height=\"1812\" alt=\"FOTO DEL PORTO 2\" title=\"FOTO DEL PORTO 2\"> \n        \t\n        <div class=\"ue_pos_carousel_image_overlay\"><\/div>\n          <\/div>\n  \n  \n    <div class=\"uc_image_carousel_content\" >\n        <div>\n          \n                   \n        \t        \t\t          \t        \n        \t<div class=\"ue-grid-item-category\">\n                            <a href=\"https:\/\/agorafabrics.com\/it\/category\/presentazione\/\">Presentazione<\/a>\n                      \t<\/div>        \n                            \n          \n                   <a href=\"https:\/\/agorafabrics.com\/it\/ingegneria-del-comfort\/\">            <div class=\"uc_post_title\">Ingegneria del comfort<\/div>\n          <\/a>                   \n         \n         <div class=\"ue-meta-data\">\n                        \t\t\t            \n                                    \n            \n                        \n                        \n                       \n                      \n           \n             \n            \n          <\/div>          \n          \n        <div class=\"uc_paragraph\" >L&#8217;INGEGNERIA DEL COMFORT\nQuando la morbidezza \u00e8 una scelta!\n\t\t\t\t\t\t\t\t\t\t\t\t\t\t\t\t\t\t\t\t\t\t\t\t\t\t\t\t\n  Abbiamo...<\/div>        \n        <\/div>\n    \n            \n    \t<div class=\"ue-item-btn-holder\">   \n           <a target=\"_self\" href=\"https:\/\/agorafabrics.com\/it\/ingegneria-del-comfort\/\" class=\"uc_more_btn ue-dynamic-popup-single \" href='https:\/\/agorafabrics.com\/it\/ingegneria-del-comfort\/'>Per saperne di pi\u00f9<\/a>\n\t\t<\/div>\n    \n          <\/div>\n    \n  \n    \n<\/div>\n<div class=\"uc_image_carousel_container_holder uc_carousel_item ue-item\">\n  \n    <div class=\"uc_image_carousel_placeholder \">\n                            <img decoding=\"async\" src=\"https:\/\/agorafabrics.com\/wp-content\/uploads\/ac_assets\/post_carousel\/\/placeholder.jpg\"> \n        \t\n        <div class=\"ue_pos_carousel_image_overlay\"><\/div>\n          <\/div>\n  \n  \n    <div class=\"uc_image_carousel_content\" >\n        <div>\n          \n                   \n        \t        \t\t          \t        \n        \t<div class=\"ue-grid-item-category\">\n                            <a href=\"https:\/\/agorafabrics.com\/it\/category\/presentazione\/\">Presentazione<\/a>\n                      \t<\/div>        \n                            \n          \n                   <a href=\"https:\/\/agorafabrics.com\/it\/premio-oficinas-tuvatextil\/\">            <div class=\"uc_post_title\">Premio oficinas Tuvatextil<\/div>\n          <\/a>                   \n         \n         <div class=\"ue-meta-data\">\n                        \t\t\t            \n                                    \n            \n                        \n                        \n                       \n                      \n           \n             \n            \n          <\/div>          \n          \n        <div class=\"uc_paragraph\" >GLI UFFICI DI TUVATEXTIL, PREMIATI DAL COAC(Col\u00b7legi d&#8217;arquitectes de Catalunya)\n\n\t\t\t\t\t\t\t\t\t\t\t\t\t\t\t\t\t\t\t\t\t\t\t\t\t\t\t\t\n\nIl...<\/div>        \n        <\/div>\n    \n            \n    \t<div class=\"ue-item-btn-holder\">   \n           <a target=\"_self\" href=\"https:\/\/agorafabrics.com\/it\/premio-oficinas-tuvatextil\/\" class=\"uc_more_btn ue-dynamic-popup-single \" href='https:\/\/agorafabrics.com\/it\/premio-oficinas-tuvatextil\/'>Per saperne di pi\u00f9<\/a>\n\t\t<\/div>\n    \n          <\/div>\n    \n  \n    \n<\/div>\n<div class=\"uc_image_carousel_container_holder uc_carousel_item ue-item\">\n  \n    <div class=\"uc_image_carousel_placeholder \">\n                 \n            <img loading=\"lazy\" decoding=\"async\" src=\"https:\/\/agorafabrics.com\/wp-content\/uploads\/2026\/01\/IMG_1843-scaled.jpg\"  src=\"https:\/\/agorafabrics.com\/wp-content\/uploads\/2026\/01\/IMG_1843-scaled.jpg\" alt=\"IMG_1843\" width=\"2560\" height=\"1440\" alt=\"IMG_1843\" title=\"IMG_1843\"> \n        \t\n        <div class=\"ue_pos_carousel_image_overlay\"><\/div>\n          <\/div>\n  \n  \n    <div class=\"uc_image_carousel_content\" >\n        <div>\n          \n                   \n        \t        \t\t          \t        \n        \t<div class=\"ue-grid-item-category\">\n                            <a href=\"https:\/\/agorafabrics.com\/it\/category\/fiere\/\">Fiere<\/a>\n                      \t<\/div>        \n                            \n          \n                   <a href=\"https:\/\/agorafabrics.com\/it\/calendario-delle-fiere-2026\/\">            <div class=\"uc_post_title\">Calendario delle fiere 2026<\/div>\n          <\/a>                   \n         \n         <div class=\"ue-meta-data\">\n                        \t\t\t            \n                                    \n            \n                        \n                        \n                       \n                      \n           \n             \n            \n          <\/div>          \n          \n        <div class=\"uc_paragraph\" >Prenota le tue date e vieni a trovarci nel 2026\nQuest&#8217;anno saremo presenti alle principali fiere...<\/div>        \n        <\/div>\n    \n            \n    \t<div class=\"ue-item-btn-holder\">   \n           <a target=\"_self\" href=\"https:\/\/agorafabrics.com\/it\/calendario-delle-fiere-2026\/\" class=\"uc_more_btn ue-dynamic-popup-single \" href='https:\/\/agorafabrics.com\/it\/calendario-delle-fiere-2026\/'>Per saperne di pi\u00f9<\/a>\n\t\t<\/div>\n    \n          <\/div>\n    \n  \n    \n<\/div>\n\n   <\/div>\t\n<\/div>\n\n\n<!-- end Post Carousel -->\t\t\t\t<\/div>\n\t\t\t\t<\/div>\n\t\t\t\t<\/div>\n\t\t\t\t\t<\/div>\n\t\t\t\t<\/div>\n\t\t<div class=\"elementor-element elementor-element-75e83e8 e-flex e-con-boxed e-con e-parent\" data-id=\"75e83e8\" data-element_type=\"container\" data-e-type=\"container\" data-settings=\"{&quot;background_background&quot;:&quot;gradient&quot;}\">\n\t\t\t\t\t<div class=\"e-con-inner\">\n\t\t<div class=\"elementor-element elementor-element-5929e39 e-con-full e-flex e-con e-child\" data-id=\"5929e39\" data-element_type=\"container\" data-e-type=\"container\">\n\t\t\t\t<div class=\"elementor-element elementor-element-fbabf32 elementor-widget elementor-widget-ucaddon_ue_buttons_post_filter\" data-id=\"fbabf32\" data-element_type=\"widget\" data-e-type=\"widget\" data-widget_type=\"ucaddon_ue_buttons_post_filter.default\">\n\t\t\t\t<div class=\"elementor-widget-container\">\n\t\t\t\t\t\n<!-- start Tabs Filter -->\n\n<style>\/* widget: Tabs Filter *\/\n\n#uc_ue_buttons_post_filter_elementor_fbabf32.uc-filter-initing{\n    opacity:0.8;\n    cursor:default;\n}\n\n#uc_ue_buttons_post_filter_elementor_fbabf32 .ue-debug-meta\n{\n  font-size:10px;\n  border:1px solid red;\n  padding:10px;\n}\n\n#uc_ue_buttons_post_filter_elementor_fbabf32 .ue_taxonomy_image img\n{\n  display:block;\n}\n\n#uc_ue_buttons_post_filter_elementor_fbabf32.ue_taxonomy\n{\n  flex-wrap: wrap;\n}\n\n#uc_ue_buttons_post_filter_elementor_fbabf32 a.ue_taxonomy_item\n{\n  display:block;\n}\n\n\n\n#uc_ue_buttons_post_filter_elementor_fbabf32 .uc-item-hidden{\n\tdisplay:none !important;\n}\n\n\n#uc_ue_buttons_post_filter_elementor_fbabf32.uc-filter-initing a{\n   cursor:default;\n   background-color:lightgray !important;\n}\n\n#uc_ue_buttons_post_filter_elementor_fbabf32.uc-filter-initing .ue_taxonomy_item_content{\n\tvisibility:hidden;\n}\n\n\n\n\n#uc_ue_buttons_post_filter_elementor_fbabf32.uc-filter-hidden,\n#uc_ue_buttons_post_filter_elementor_fbabf32.uc-filter-initing.uc-initing-filter-hidden{\n  display:none !important;\n}\n\n\n#uc_ue_buttons_post_filter_elementor_fbabf32 .ue_taxonomy_item_content\n{\n  display:flex;\n  align-items:center;\n}\n\n#uc_ue_buttons_post_filter_elementor_fbabf32 .ue_taxonomy_item_icon\n{\n  flex-grow:0;\n  flex-shrink:0;\n}\n\n#uc_ue_buttons_post_filter_elementor_fbabf32 .ue_taxonomy_item_icon_spacer\n{\n  flex-grow:0;\n  flex-shrink:0;\n}\n\n#uc_ue_buttons_post_filter_elementor_fbabf32 .ue_taxonomy_item_num_posts\n{\n  flex-grow:0;\n  flex-shrink:0;\n}\n\n#uc_ue_buttons_post_filter_elementor_fbabf32 .ue_taxonomy_item_title\n{\n  flex-grow:1;\n}\n\n\n#uc_ue_buttons_post_filter_elementor_fbabf32 .ue_taxonomy_item_num_posts_spacer\n{\n  flex-grow:0;\n  flex-shrink:0;\n}\n\n#uc_ue_buttons_post_filter_elementor_fbabf32 .uc-hide-loading-item{\n\tdisplay:none !important;\n}\n\n\n#uc_ue_buttons_post_filter_elementor_fbabf32-toggle\n{\n  display:none;\n}\n\n#uc_ue_buttons_post_filter_elementor_fbabf32-toggle .#uc_ue_buttons_post_filter_elementor_fbabf32-toggle\n{\n  display:none;\n}\n\n#uc_ue_buttons_post_filter_elementor_fbabf32-toggle .ue_taxonomy_toggle_icon\n{\n  display:inline-flex;\n  align-items:center;\n  justify-content:center;\n  line-height:1em;\n  cursor:pointer;\n}\n\n#uc_ue_buttons_post_filter_elementor_fbabf32-toggle .ue_taxonomy_toggle_icon svg\n{\n  height:1em;\n  width:1em;\n}\n\n\n#uc_ue_buttons_post_filter_elementor_fbabf32-toggle .ue_taxonomy_toggle_icon_close\n{\n  display:none;\n}\n\n  #uc_ue_buttons_post_filter_elementor_fbabf32 .uc-item-all .ue_taxonomy_item_num_posts_spacer,\n  #uc_ue_buttons_post_filter_elementor_fbabf32 .uc-item-all .ue_taxonomy_item_num_posts{\n\t \tdisplay:none !important;\n  }\n\n\n\n\n<\/style>\n\n\n<div class=\"ue_taxonomy_toggle\" id=\"uc_ue_buttons_post_filter_elementor_fbabf32-toggle\">\n  <div class=\"ue_taxonomy_toggle_icon\">\n    <div class=\"ue_taxonomy_toggle_icon_open\"><i class='fas fa-bars'><\/i><\/div>\n    <div class=\"ue_taxonomy_toggle_icon_close\"><i class='fas fa-times'><\/i><\/div>\n  <\/div>\n<\/div>\n\n\n<div id=\"uc_ue_buttons_post_filter_elementor_fbabf32-container\">\n  \n<div id=\"uc_ue_buttons_post_filter_elementor_fbabf32\" class=\"ue_taxonomy  uc-grid-filter\" data-isfilter=\"\" data-filtertype=\"terms_list\"  data-connectgroup=\"group1\" style=\"\">\n    \n    \n  \n      \n        \n  \t<a href=\"javascript:void(0)\" class=\"ue_taxonomy_item  uc-item-all uc-selected  \"     >\n          \n          \n   \n      \n    <div class=\"ue_taxonomy_item_content\">\n            <span  class=\"ue_taxonomy_item_title\">Tutti<\/span>\n          <\/div>\n      \n            \n      \n            \n  <\/a>\n  \n  \n  \n  \n  \n  \n      \n        \n  \t<a href=\"javascript:void(0)\" class=\"ue_taxonomy_item   \"  data-id=\"732\" data-type=\"term\" data-slug=\"agora-life\" data-taxonomy=\"category\" data-title=\"Agora Life\" data-key=\"term|category|agora-life\"     >\n          \n          \n   \n      \n    <div class=\"ue_taxonomy_item_content\">\n            <span  class=\"ue_taxonomy_item_title\">Agora Life<\/span>\n          <\/div>\n      \n            \n      \n            \n  <\/a>\n  \n  \n  \n  \n  \n  \n      \n        \n  \t<a href=\"javascript:void(0)\" class=\"ue_taxonomy_item   \"  data-id=\"285\" data-type=\"term\" data-slug=\"agora-pro-it\" data-taxonomy=\"category\" data-title=\"Agora Pro\" data-key=\"term|category|agora-pro-it\"     >\n          \n          \n   \n      \n    <div class=\"ue_taxonomy_item_content\">\n            <span  class=\"ue_taxonomy_item_title\">Agora Pro<\/span>\n          <\/div>\n      \n            \n      \n            \n  <\/a>\n  \n  \n  \n  \n  \n  \n      \n        \n  \t<a href=\"javascript:void(0)\" class=\"ue_taxonomy_item   \"  data-id=\"284\" data-type=\"term\" data-slug=\"agora-riciclata\" data-taxonomy=\"category\" data-title=\"Agora Riciclata\" data-key=\"term|category|agora-riciclata\"     >\n          \n          \n   \n      \n    <div class=\"ue_taxonomy_item_content\">\n            <span  class=\"ue_taxonomy_item_title\">Agora Riciclata<\/span>\n          <\/div>\n      \n            \n      \n            \n  <\/a>\n  \n  \n  \n  \n  \n  \n      \n        \n  \t<a href=\"javascript:void(0)\" class=\"ue_taxonomy_item   \"  data-id=\"729\" data-type=\"term\" data-slug=\"agora-signature-series\" data-taxonomy=\"category\" data-title=\"Agora Signature Series\" data-key=\"term|category|agora-signature-series\"     >\n          \n          \n   \n      \n    <div class=\"ue_taxonomy_item_content\">\n            <span  class=\"ue_taxonomy_item_title\">Agora Signature Series<\/span>\n          <\/div>\n      \n            \n      \n            \n  <\/a>\n  \n  \n  \n  \n  \n  \n      \n        \n  \t<a href=\"javascript:void(0)\" class=\"ue_taxonomy_item   \"  data-id=\"287\" data-type=\"term\" data-slug=\"collezioni\" data-taxonomy=\"category\" data-title=\"Collezioni\" data-key=\"term|category|collezioni\"     >\n          \n          \n   \n      \n    <div class=\"ue_taxonomy_item_content\">\n            <span  class=\"ue_taxonomy_item_title\">Collezioni<\/span>\n          <\/div>\n      \n            \n      \n            \n  <\/a>\n  \n  \n  \n  \n  \n  \n      \n        \n  \t<a href=\"javascript:void(0)\" class=\"ue_taxonomy_item   \"  data-id=\"288\" data-type=\"term\" data-slug=\"colori\" data-taxonomy=\"category\" data-title=\"Colori\" data-key=\"term|category|colori\"     >\n          \n          \n   \n      \n    <div class=\"ue_taxonomy_item_content\">\n            <span  class=\"ue_taxonomy_item_title\">Colori<\/span>\n          <\/div>\n      \n            \n      \n            \n  <\/a>\n  \n  \n  \n  \n  \n  \n      \n        \n  \t<a href=\"javascript:void(0)\" class=\"ue_taxonomy_item   \"  data-id=\"283\" data-type=\"term\" data-slug=\"fiere\" data-taxonomy=\"category\" data-title=\"Fiere\" data-key=\"term|category|fiere\"     >\n          \n          \n   \n      \n    <div class=\"ue_taxonomy_item_content\">\n            <span  class=\"ue_taxonomy_item_title\">Fiere<\/span>\n          <\/div>\n      \n            \n      \n            \n  <\/a>\n  \n  \n  \n  \n  \n  \n      \n        \n  \t<a href=\"javascript:void(0)\" class=\"ue_taxonomy_item   \"  data-id=\"286\" data-type=\"term\" data-slug=\"presentazione\" data-taxonomy=\"category\" data-title=\"Presentazione\" data-key=\"term|category|presentazione\"     >\n          \n          \n   \n      \n    <div class=\"ue_taxonomy_item_content\">\n            <span  class=\"ue_taxonomy_item_title\">Presentazione<\/span>\n          <\/div>\n      \n            \n      \n            \n  <\/a>\n  \n  \n  \n  \n  \n  \n      \n        \n  \t<a href=\"javascript:void(0)\" class=\"ue_taxonomy_item   \"  data-id=\"198\" data-type=\"term\" data-slug=\"senza-categoria\" data-taxonomy=\"category\" data-title=\"Senza categoria\" data-key=\"term|category|senza-categoria\"     >\n          \n          \n   \n      \n    <div class=\"ue_taxonomy_item_content\">\n            <span  class=\"ue_taxonomy_item_title\">Senza categoria<\/span>\n          <\/div>\n      \n            \n      \n            \n  <\/a>\n  \n  \n  \n  \n  \n    \n<\/div>\n\n  \n<\/div>\n\n<!-- end Tabs Filter -->\t\t\t\t<\/div>\n\t\t\t\t<\/div>\n\t\t\t\t<div data-dce-text-color=\"#636363\" data-dce-title-color=\"#000000\" class=\"elementor-element elementor-element-5f89b23 elementor-widget elementor-widget-ucaddon_post_grid\" data-id=\"5f89b23\" data-element_type=\"widget\" data-e-type=\"widget\" data-widget_type=\"ucaddon_post_grid.default\">\n\t\t\t\t<div class=\"elementor-widget-container\">\n\t\t\t\t\t\n<!-- start Post Grid -->\n\n<style>\/* widget: Post Grid *\/\n\n\n\n#uc_post_grid_elementor_5f89b23{\n  min-height: 1px;\n}\n\n#uc_post_grid_elementor_5f89b23.uc_post_grid_style_one .uc_post_grid_style_one_wrap {\n   display:grid;\n}\n\n\n#uc_post_grid_elementor_5f89b23 .uc_post_grid_style_one_item{\n  position:relative;\n}\n\n#uc_post_grid_elementor_5f89b23 .uc_post_image{\n  transition:0.3s;\n  position:relative;\n  overflow:hidden;\n}\n\n#uc_post_grid_elementor_5f89b23 .uc_post_image img{\n  width:100%;\n  display:block;\n  transition:0.3s;\n}\n\n\t\n\n#uc_post_grid_elementor_5f89b23 .uc_post_image_overlay{\n  position:absolute;\n  top:0px;\n  left:0px;\n  height:100%;\n  width:100%;\n  transition:0.3s;\n}\n\n#uc_post_grid_elementor_5f89b23 .uc_more_btn-custom-field{\n  display:inline-block;\n  text-align:center;\n  text-decoration:none;\n  transition:0.3s;\n}\n\n#uc_post_grid_elementor_5f89b23 .uc_more_btn{\n  display:inline-block;\n  text-align:center;\n  text-decoration:none;\n  transition:0.3s;\n}\n\n.ue-grid-item-category a{\n  display:inline-block;\n  font-size:10px;\n  position: relative;\n  z-index: 1;\n}\n\n#uc_post_grid_elementor_5f89b23 .ue-grid-item-category a{\n    cursor: text;\n  }\n\n.uc_post_title{\n  font-size:21px;\n}\n\n\n\n  #uc_post_grid_elementor_5f89b23 .ue_post_grid_item{\n    display:flex;\n    flex-direction:column;\n  }\n\n  #uc_post_grid_elementor_5f89b23.uc_post_grid_style_one .uc_content{\n   flex-grow:1;\n  }\n\n  #uc_post_grid_elementor_5f89b23.uc_post_grid_style_one .uc_content > div{\n    height:100%;\n    display:flex;\n    flex-direction:column;\n    justify-content: space-between;  }\n\n    #uc_post_grid_elementor_5f89b23 .uc_post_button   {\n     margin-top:auto;\n   }\n  \n\n\n\n\n\n\n\n\n\n\n\n\n#uc_post_grid_elementor_5f89b23 .ue-meta-data{  \n  display:flex !important;\n  flex-wrap: wrap;\n  line-height:1em;\n}\n\n#uc_post_grid_elementor_5f89b23 .ue-grid-item-meta-data{\n  display:inline-flex;\n  align-items:center;\n}\n\n#uc_post_grid_elementor_5f89b23 .ue-grid-item-meta-data a{\n  color:inherit;\n}\n\n.ue-grid-item-meta-data{\n  font-size:12px;\n}\n\n#uc_post_grid_elementor_5f89b23 .ue-grid-item-meta-data-icon{\n  line-height:1em;\n}\n\n#uc_post_grid_elementor_5f89b23 .ue-grid-item-meta-data-icon svg{\n  width:1em;\n  height:1em;\n}\n\n#uc_post_grid_elementor_5f89b23 .ue-debug-meta{\n  padding:10px;\n  border:1px solid red;\n  position:relative;\n  line-height:1.5em;\n  font-size:11px;\n  width:100%;\n}\n\n#uc_post_grid_elementor_5f89b23 .uc_btn_inner{\n  display:inline-flex;\n  align-items:center;\n}\n\n#uc_post_grid_elementor_5f89b23 .uc_btn_inner svg{\n  width:1em;\n  height:1em;\n}\n\n\n\n#uc_post_grid_elementor_5f89b23 .uc_content_inner{\n  width: 100%;\n}\n\n\n#uc_post_grid_elementor_5f89b23_item1 [href=\"javascript:void(0)\"]{\n  cursor: unset;\n}\n\n\n#uc_post_grid_elementor_5f89b23_item2 [href=\"javascript:void(0)\"]{\n  cursor: unset;\n}\n\n\n#uc_post_grid_elementor_5f89b23_item3 [href=\"javascript:void(0)\"]{\n  cursor: unset;\n}\n\n\n#uc_post_grid_elementor_5f89b23_item4 [href=\"javascript:void(0)\"]{\n  cursor: unset;\n}\n\n\n#uc_post_grid_elementor_5f89b23_item5 [href=\"javascript:void(0)\"]{\n  cursor: unset;\n}\n\n\n#uc_post_grid_elementor_5f89b23_item6 [href=\"javascript:void(0)\"]{\n  cursor: unset;\n}\n\n\n#uc_post_grid_elementor_5f89b23_item7 [href=\"javascript:void(0)\"]{\n  cursor: unset;\n}\n\n\n#uc_post_grid_elementor_5f89b23_item8 [href=\"javascript:void(0)\"]{\n  cursor: unset;\n}\n\n\n#uc_post_grid_elementor_5f89b23_item9 [href=\"javascript:void(0)\"]{\n  cursor: unset;\n}\n\n\n#uc_post_grid_elementor_5f89b23_item10 [href=\"javascript:void(0)\"]{\n  cursor: unset;\n}\n\n\n#uc_post_grid_elementor_5f89b23_item11 [href=\"javascript:void(0)\"]{\n  cursor: unset;\n}\n\n\n#uc_post_grid_elementor_5f89b23_item12 [href=\"javascript:void(0)\"]{\n  cursor: unset;\n}\n\n\n#uc_post_grid_elementor_5f89b23_item13 [href=\"javascript:void(0)\"]{\n  cursor: unset;\n}\n\n\n#uc_post_grid_elementor_5f89b23_item14 [href=\"javascript:void(0)\"]{\n  cursor: unset;\n}\n\n\n#uc_post_grid_elementor_5f89b23_item15 [href=\"javascript:void(0)\"]{\n  cursor: unset;\n}\n\n\n#uc_post_grid_elementor_5f89b23_item16 [href=\"javascript:void(0)\"]{\n  cursor: unset;\n}\n\n\n#uc_post_grid_elementor_5f89b23_item17 [href=\"javascript:void(0)\"]{\n  cursor: unset;\n}\n\n\n#uc_post_grid_elementor_5f89b23_item18 [href=\"javascript:void(0)\"]{\n  cursor: unset;\n}\n\n\n<\/style>\n\n<div class=\"uc_post_grid_style_one uc-avoid-duplicates uc-filterable-grid \" id=\"uc_post_grid_elementor_5f89b23\"  data-postids='16509,16859,16128,16006,14123,13476,12391,12404,12417,12418,12420,12422,12423,12425,12430,12431,12433,12435' data-ajax='true'  data-filterbehave='ajax'  data-filtergroup='group1'  querydata='{&quot;count_posts&quot;:18,&quot;total_posts&quot;:18,&quot;page&quot;:1,&quot;num_pages&quot;:1}' >\n\t\t<div class=\"uc_post_grid_style_one_wrap ue_post_grid uc-items-wrapper\">\n\t\t\t\n\n\n\n<div id=\"uc_post_grid_elementor_5f89b23_item1\" class=\"uc_post_grid_style_one_item ue_post_grid_item ue-item \">\n  \n      <a class=\"uc_post_grid_style_one_image \" href='https:\/\/agorafabrics.com\/it\/seatech-presenta-silmare-pier-e-charm-innovazione-ed-estetica-per-il-settore-professionale\/' target=\"_self\">\n     <div class=\"uc_post_image\">\n       <img loading=\"lazy\" decoding=\"async\" src=\"https:\/\/agorafabrics.com\/wp-content\/uploads\/2025\/10\/Mailchimp-2.jpg\"  src=\"https:\/\/agorafabrics.com\/wp-content\/uploads\/2025\/10\/Mailchimp-2.jpg\" alt=\"Mailchimp 2\" width=\"2560\" height=\"1708\">\n       <div class=\"uc_post_image_overlay\"><\/div>\n     <\/div>\n    <\/a>\n   \n  <div class=\"uc_content\">\n    <div class=\"uc_content_inner\">\n      <div class=\"uc_content-info-wrapper\" >\n        \n                 \n        \t        \t\t      \t\t        \n        \t<div class=\"ue-grid-item-category\">\n                            \t              \t\t<a href=\"javascript:void(0);\" class=\"collezioni\">Agora Pro<\/a>\n              \t                            \t              \t\t<a href=\"javascript:void(0);\" class=\"collezioni\">Collezioni<\/a>\n              \t                      \t<\/div>        \n      \n              \n\n            \t\t\t<div class=\"uc_post_title\"><a class=\"\" href='https:\/\/agorafabrics.com\/it\/seatech-presenta-silmare-pier-e-charm-innovazione-ed-estetica-per-il-settore-professionale\/' target=\"_self\"><div class=\"ue_p_title\">Seatech presenta Silmare, Pier e Charm: innovazione ed estetica per il settore professionale<\/div><\/a><\/div>\n      \t\n                      \n       \n        <div class=\"ue-meta-data\">\n            \n                \t    \n                \n        \n\t\n                \n                \n                \n                \n    \t\t\t\n      \n            \n  <\/div>\t\n      \t<div class=\"uc_post_text\">Seatech presenta Silmare, Pier e Charm: innovazione ed estetica per il settore professionale\nAgora PRO...<\/div>\n     \n                 \n                            \n                                  \n     <\/div>                      \n           <div class=\"uc_post_button\">\n        \n        <a class=\"uc_more_btn \" target=\"_self\" href='https:\/\/agorafabrics.com\/it\/seatech-presenta-silmare-pier-e-charm-innovazione-ed-estetica-per-il-settore-professionale\/'>\n          <div class=\"uc_btn_inner\">\n            <div class=\"uc_btn_txt\">VEDI DI PI\u00d9<\/div>\n                      <\/div>\n      \t<\/a>\n        \n                \n      <\/div>                           \n \t<\/div>  <\/div>      \n        \n<\/div>\n\n\n\n\n<div id=\"uc_post_grid_elementor_5f89b23_item2\" class=\"uc_post_grid_style_one_item ue_post_grid_item ue-item \">\n  \n      <a class=\"uc_post_grid_style_one_image \" href='https:\/\/agorafabrics.com\/it\/facciamo-il-salto-nel-sud-est-asiatico-apriamo-un-nuovo-ufficio-di-rappresentanza-a-giacarta\/' target=\"_self\">\n     <div class=\"uc_post_image\">\n       <img loading=\"lazy\" decoding=\"async\" src=\"https:\/\/agorafabrics.com\/wp-content\/uploads\/2025\/10\/Mailchimp-2-1-1.jpg\"  src=\"https:\/\/agorafabrics.com\/wp-content\/uploads\/2025\/10\/Mailchimp-2-1-1.jpg\" alt=\"Mailchimp 2 (1)\" width=\"2560\" height=\"1708\">\n       <div class=\"uc_post_image_overlay\"><\/div>\n     <\/div>\n    <\/a>\n   \n  <div class=\"uc_content\">\n    <div class=\"uc_content_inner\">\n      <div class=\"uc_content-info-wrapper\" >\n        \n                 \n        \t        \t\t      \t\t        \n        \t<div class=\"ue-grid-item-category\">\n                            \t              \t\t<a href=\"javascript:void(0);\" class=\"presentazione\">Presentazione<\/a>\n              \t                      \t<\/div>        \n      \n              \n\n            \t\t\t<div class=\"uc_post_title\"><a class=\"\" href='https:\/\/agorafabrics.com\/it\/facciamo-il-salto-nel-sud-est-asiatico-apriamo-un-nuovo-ufficio-di-rappresentanza-a-giacarta\/' target=\"_self\"><div class=\"ue_p_title\">Facciamo il salto nel sud-est asiatico: apriamo un nuovo ufficio di rappresentanza a Giacarta!<\/div><\/a><\/div>\n      \t\n                      \n       \n        <div class=\"ue-meta-data\">\n            \n                \t    \n                \n        \n\t\n                \n                \n                \n                \n    \t\t\t\n      \n            \n  <\/div>\t\n      \t<div class=\"uc_post_text\">STIAMO FACENDO IL SALTO NEL SUD-EST ASIATICO! \nAbbiamo aperto un nuovo ufficio di rappresentanza a Giacarta...<\/div>\n     \n                 \n                            \n                                  \n     <\/div>                      \n           <div class=\"uc_post_button\">\n        \n        <a class=\"uc_more_btn \" target=\"_self\" href='https:\/\/agorafabrics.com\/it\/facciamo-il-salto-nel-sud-est-asiatico-apriamo-un-nuovo-ufficio-di-rappresentanza-a-giacarta\/'>\n          <div class=\"uc_btn_inner\">\n            <div class=\"uc_btn_txt\">VEDI DI PI\u00d9<\/div>\n                      <\/div>\n      \t<\/a>\n        \n                \n      <\/div>                           \n \t<\/div>  <\/div>      \n        \n<\/div>\n\n\n\n\n<div id=\"uc_post_grid_elementor_5f89b23_item3\" class=\"uc_post_grid_style_one_item ue_post_grid_item ue-item \">\n  \n      <a class=\"uc_post_grid_style_one_image \" href='https:\/\/agorafabrics.com\/it\/stiamo-ampliando-la-collezione-agora-life-piu-texture-e-colori\/' target=\"_self\">\n     <div class=\"uc_post_image\">\n       <img loading=\"lazy\" decoding=\"async\" src=\"https:\/\/agorafabrics.com\/wp-content\/uploads\/2025\/09\/Diseno-sin-titulo-8.jpg\"  src=\"https:\/\/agorafabrics.com\/wp-content\/uploads\/2025\/09\/Diseno-sin-titulo-8.jpg\" alt=\"Design senza titolo (8)\" width=\"2560\" height=\"1708\">\n       <div class=\"uc_post_image_overlay\"><\/div>\n     <\/div>\n    <\/a>\n   \n  <div class=\"uc_content\">\n    <div class=\"uc_content_inner\">\n      <div class=\"uc_content-info-wrapper\" >\n        \n                 \n        \t        \t\t      \t\t        \n        \t<div class=\"ue-grid-item-category\">\n                            \t              \t\t<a href=\"javascript:void(0);\" class=\"collezioni\">Agora Life<\/a>\n              \t                            \t              \t\t<a href=\"javascript:void(0);\" class=\"collezioni\">Collezioni<\/a>\n              \t                      \t<\/div>        \n      \n              \n\n            \t\t\t<div class=\"uc_post_title\"><a class=\"\" href='https:\/\/agorafabrics.com\/it\/stiamo-ampliando-la-collezione-agora-life-piu-texture-e-colori\/' target=\"_self\"><div class=\"ue_p_title\">Stiamo ampliando la collezione Agora LIFE: pi\u00f9 colori e texture<\/div><\/a><\/div>\n      \t\n                      \n       \n        <div class=\"ue-meta-data\">\n            \n                \t    \n                \n        \n\t\n                \n                \n                \n                \n    \t\t\t\n      \n            \n  <\/div>\t\n      \t<div class=\"uc_post_text\">Stiamo ampliando la collezione Agora LIFE: pi\u00f9 colori e texture\nAgora Life si distingueva gi\u00e0 per la...<\/div>\n     \n                 \n                            \n                                  \n     <\/div>                      \n           <div class=\"uc_post_button\">\n        \n        <a class=\"uc_more_btn \" target=\"_self\" href='https:\/\/agorafabrics.com\/it\/stiamo-ampliando-la-collezione-agora-life-piu-texture-e-colori\/'>\n          <div class=\"uc_btn_inner\">\n            <div class=\"uc_btn_txt\">VEDI DI PI\u00d9<\/div>\n                      <\/div>\n      \t<\/a>\n        \n                \n      <\/div>                           \n \t<\/div>  <\/div>      \n        \n<\/div>\n\n\n\n\n<div id=\"uc_post_grid_elementor_5f89b23_item4\" class=\"uc_post_grid_style_one_item ue_post_grid_item ue-item \">\n  \n      <a class=\"uc_post_grid_style_one_image \" href='https:\/\/agorafabrics.com\/it\/preparati-per-un-viaggio-nellatlantico-con-cala-duplicato\/' target=\"_self\">\n     <div class=\"uc_post_image\">\n       <img loading=\"lazy\" decoding=\"async\" src=\"https:\/\/agorafabrics.com\/wp-content\/uploads\/2025\/09\/Diseno-sin-titulo-3.jpg\"  src=\"https:\/\/agorafabrics.com\/wp-content\/uploads\/2025\/09\/Diseno-sin-titulo-3.jpg\" alt=\"Design senza titolo (3)\" width=\"2560\" height=\"1708\">\n       <div class=\"uc_post_image_overlay\"><\/div>\n     <\/div>\n    <\/a>\n   \n  <div class=\"uc_content\">\n    <div class=\"uc_content_inner\">\n      <div class=\"uc_content-info-wrapper\" >\n        \n                 \n        \t        \t\t      \t\t        \n        \t<div class=\"ue-grid-item-category\">\n                            \t              \t\t<a href=\"javascript:void(0);\" class=\"collezioni\">Agora Signature Series<\/a>\n              \t                            \t              \t\t<a href=\"javascript:void(0);\" class=\"collezioni\">Collezioni<\/a>\n              \t                      \t<\/div>        \n      \n              \n\n            \t\t\t<div class=\"uc_post_title\"><a class=\"\" href='https:\/\/agorafabrics.com\/it\/preparati-per-un-viaggio-nellatlantico-con-cala-duplicato\/' target=\"_self\"><div class=\"ue_p_title\">Agora\u00ae presenta Zaria: tessuti che catturano l'essenza dell'alba<\/div><\/a><\/div>\n      \t\n                      \n       \n        <div class=\"ue-meta-data\">\n            \n                \t    \n                \n        \n\t\n                \n                \n                \n                \n    \t\t\t\n      \n            \n  <\/div>\t\n      \t<div class=\"uc_post_text\">Agora\u00ae presenta Zaria: tessuti che catturano l&#8217;essenza dell&#8217;alba\nIspirato dalla presenza...<\/div>\n     \n                 \n                            \n                                  \n     <\/div>                      \n           <div class=\"uc_post_button\">\n        \n        <a class=\"uc_more_btn \" target=\"_self\" href='https:\/\/agorafabrics.com\/it\/preparati-per-un-viaggio-nellatlantico-con-cala-duplicato\/'>\n          <div class=\"uc_btn_inner\">\n            <div class=\"uc_btn_txt\">VEDI DI PI\u00d9<\/div>\n                      <\/div>\n      \t<\/a>\n        \n                \n      <\/div>                           \n \t<\/div>  <\/div>      \n        \n<\/div>\n\n\n\n\n<div id=\"uc_post_grid_elementor_5f89b23_item5\" class=\"uc_post_grid_style_one_item ue_post_grid_item ue-item \">\n  \n      <a class=\"uc_post_grid_style_one_image \" href='https:\/\/agorafabrics.com\/it\/preparati-per-un-viaggio-nellatlantico-con-cala\/' target=\"_self\">\n     <div class=\"uc_post_image\">\n       <img loading=\"lazy\" decoding=\"async\" src=\"https:\/\/agorafabrics.com\/wp-content\/uploads\/2025\/05\/AGORA-CALA-3-2024-11-ASF_6291.webp\"  src=\"https:\/\/agorafabrics.com\/wp-content\/uploads\/2025\/05\/AGORA-CALA-3-2024-11-ASF_6291.webp\" alt=\"AGORA CALA 3 2024 11 ASF_6291\" width=\"2560\" height=\"1708\">\n       <div class=\"uc_post_image_overlay\"><\/div>\n     <\/div>\n    <\/a>\n   \n  <div class=\"uc_content\">\n    <div class=\"uc_content_inner\">\n      <div class=\"uc_content-info-wrapper\" >\n        \n                 \n        \t        \t\t      \t\t        \n        \t<div class=\"ue-grid-item-category\">\n                            \t              \t\t<a href=\"javascript:void(0);\" class=\"collezioni\">Collezioni<\/a>\n              \t                      \t<\/div>        \n      \n              \n\n            \t\t\t<div class=\"uc_post_title\"><a class=\"\" href='https:\/\/agorafabrics.com\/it\/preparati-per-un-viaggio-nellatlantico-con-cala\/' target=\"_self\"><div class=\"ue_p_title\">Preparati per un viaggio nell'Atlantico con: CALA<\/div><\/a><\/div>\n      \t\n                      \n       \n        <div class=\"ue-meta-data\">\n            \n                \t    \n                \n        \n\t\n                \n                \n                \n                \n    \t\t\t\n      \n            \n  <\/div>\t\n      \t<div class=\"uc_post_text\">Agora CALA, di Santiago Sevillano Studio\nAgora presenta le sue ultime novit\u00e0 sotto l&#8217;egida di Signature...<\/div>\n     \n                 \n                            \n                                  \n     <\/div>                      \n           <div class=\"uc_post_button\">\n        \n        <a class=\"uc_more_btn \" target=\"_self\" href='https:\/\/agorafabrics.com\/it\/preparati-per-un-viaggio-nellatlantico-con-cala\/'>\n          <div class=\"uc_btn_inner\">\n            <div class=\"uc_btn_txt\">VEDI DI PI\u00d9<\/div>\n                      <\/div>\n      \t<\/a>\n        \n                \n      <\/div>                           \n \t<\/div>  <\/div>      \n        \n<\/div>\n\n\n\n\n<div id=\"uc_post_grid_elementor_5f89b23_item6\" class=\"uc_post_grid_style_one_item ue_post_grid_item ue-item \">\n  \n      <a class=\"uc_post_grid_style_one_image \" href='https:\/\/agorafabrics.com\/it\/ti-presentiamo-gaia\/' target=\"_self\">\n     <div class=\"uc_post_image\">\n       <img loading=\"lazy\" decoding=\"async\" src=\"https:\/\/agorafabrics.com\/wp-content\/uploads\/2025\/04\/GAIA_10-2.webp\"  src=\"https:\/\/agorafabrics.com\/wp-content\/uploads\/2025\/04\/GAIA_10-2.webp\" alt=\"GAIA_10\" width=\"2560\" height=\"1703\">\n       <div class=\"uc_post_image_overlay\"><\/div>\n     <\/div>\n    <\/a>\n   \n  <div class=\"uc_content\">\n    <div class=\"uc_content_inner\">\n      <div class=\"uc_content-info-wrapper\" >\n        \n                 \n        \t        \t\t      \t\t        \n        \t<div class=\"ue-grid-item-category\">\n                            \t              \t\t<a href=\"javascript:void(0);\" class=\"collezioni\">Collezioni<\/a>\n              \t                            \t              \t\t<a href=\"javascript:void(0);\" class=\"collezioni\">Presentazione<\/a>\n              \t                      \t<\/div>        \n      \n              \n\n            \t\t\t<div class=\"uc_post_title\"><a class=\"\" href='https:\/\/agorafabrics.com\/it\/ti-presentiamo-gaia\/' target=\"_self\"><div class=\"ue_p_title\">Ti presentiamo GAI\u00c0<\/div><\/a><\/div>\n      \t\n                      \n       \n        <div class=\"ue-meta-data\">\n            \n                \t    \n                \n        \n\t\n                \n                \n                \n                \n    \t\t\t\n      \n            \n  <\/div>\t\n      \t<div class=\"uc_post_text\">Agora GAI\u00c0: la prima collezione della Serie Signature\nAgora presenta i suoi ultimi lanci sotto l&#8217;ombrello...<\/div>\n     \n                 \n                            \n                                  \n     <\/div>                      \n           <div class=\"uc_post_button\">\n        \n        <a class=\"uc_more_btn \" target=\"_self\" href='https:\/\/agorafabrics.com\/it\/ti-presentiamo-gaia\/'>\n          <div class=\"uc_btn_inner\">\n            <div class=\"uc_btn_txt\">VEDI DI PI\u00d9<\/div>\n                      <\/div>\n      \t<\/a>\n        \n                \n      <\/div>                           \n \t<\/div>  <\/div>      \n        \n<\/div>\n\n\n\n\n<div id=\"uc_post_grid_elementor_5f89b23_item7\" class=\"uc_post_grid_style_one_item ue_post_grid_item ue-item \">\n  \n      <a class=\"uc_post_grid_style_one_image \" href='https:\/\/agorafabrics.com\/it\/calendario-fiere-2025\/' target=\"_self\">\n     <div class=\"uc_post_image\">\n       <img loading=\"lazy\" decoding=\"async\" src=\"https:\/\/agorafabrics.com\/wp-content\/uploads\/2025\/04\/f43561c6-5a65-45a8-8062-d664dd301ef1-copia.webp\"  src=\"https:\/\/agorafabrics.com\/wp-content\/uploads\/2025\/04\/f43561c6-5a65-45a8-8062-d664dd301ef1-copia.webp\" alt=\"f43561c6-5a65-45a8-8062-d664dd301ef1 copia\" width=\"1440\" height=\"1920\">\n       <div class=\"uc_post_image_overlay\"><\/div>\n     <\/div>\n    <\/a>\n   \n  <div class=\"uc_content\">\n    <div class=\"uc_content_inner\">\n      <div class=\"uc_content-info-wrapper\" >\n        \n                 \n        \t        \t\t      \t\t        \n        \t<div class=\"ue-grid-item-category\">\n                            \t              \t\t<a href=\"javascript:void(0);\" class=\"fiere\">Fiere<\/a>\n              \t                      \t<\/div>        \n      \n              \n\n            \t\t\t<div class=\"uc_post_title\"><a class=\"\" href='https:\/\/agorafabrics.com\/it\/calendario-fiere-2025\/' target=\"_self\"><div class=\"ue_p_title\">Calendario fiere 2025<\/div><\/a><\/div>\n      \t\n                      \n       \n        <div class=\"ue-meta-data\">\n            \n                \t    \n                \n        \n\t\n                \n                \n                \n                \n    \t\t\t\n      \n            \n  <\/div>\t\n      \t<div class=\"uc_post_text\">Salva le date e vieni a trovarci!\nIl 2025 \u00e8 iniziato con un &#8220;BANG&#8221; alla fiera Heimtextil....<\/div>\n     \n                 \n                            \n                                  \n     <\/div>                      \n           <div class=\"uc_post_button\">\n        \n        <a class=\"uc_more_btn \" target=\"_self\" href='https:\/\/agorafabrics.com\/it\/calendario-fiere-2025\/'>\n          <div class=\"uc_btn_inner\">\n            <div class=\"uc_btn_txt\">VEDI DI PI\u00d9<\/div>\n                      <\/div>\n      \t<\/a>\n        \n                \n      <\/div>                           \n \t<\/div>  <\/div>      \n        \n<\/div>\n\n\n\n\n<div id=\"uc_post_grid_elementor_5f89b23_item8\" class=\"uc_post_grid_style_one_item ue_post_grid_item ue-item \">\n  \n      <a class=\"uc_post_grid_style_one_image \" href='https:\/\/agorafabrics.com\/it\/fine-dellanno-riepilogo-della-fine-dellanno-di-agora\/' target=\"_self\">\n     <div class=\"uc_post_image\">\n       <img loading=\"lazy\" decoding=\"async\" src=\"https:\/\/agorafabrics.com\/wp-content\/uploads\/2025\/03\/IMG20231123162520-1.webp\"  src=\"https:\/\/agorafabrics.com\/wp-content\/uploads\/2025\/03\/IMG20231123162520-1.webp\" alt=\"IMG20231123162520-1\" width=\"1200\" height=\"800\">\n       <div class=\"uc_post_image_overlay\"><\/div>\n     <\/div>\n    <\/a>\n   \n  <div class=\"uc_content\">\n    <div class=\"uc_content_inner\">\n      <div class=\"uc_content-info-wrapper\" >\n        \n                 \n        \t        \t\t      \t\t        \n        \t<div class=\"ue-grid-item-category\">\n                            \t              \t\t<a href=\"javascript:void(0);\" class=\"sin-categoria\">Sin categor\u00eda<\/a>\n              \t                      \t<\/div>        \n      \n              \n\n            \t\t\t<div class=\"uc_post_title\"><a class=\"\" href='https:\/\/agorafabrics.com\/it\/fine-dellanno-riepilogo-della-fine-dellanno-di-agora\/' target=\"_self\"><div class=\"ue_p_title\">FINE DELL'ANNO: riepilogo della fine dell'anno di Agora\u00ae<\/div><\/a><\/div>\n      \t\n                      \n       \n        <div class=\"ue-meta-data\">\n            \n                \t    \n                \n        \n\t\n                \n                \n                \n                \n    \t\t\t\n      \n            \n  <\/div>\t\n      \t<div class=\"uc_post_text\">Nel momento in cui salutiamo un altro anno, noi di Agora vogliamo prenderci un momento per esprimere...<\/div>\n     \n                 \n                            \n                                  \n     <\/div>                      \n           <div class=\"uc_post_button\">\n        \n        <a class=\"uc_more_btn \" target=\"_self\" href='https:\/\/agorafabrics.com\/it\/fine-dellanno-riepilogo-della-fine-dellanno-di-agora\/'>\n          <div class=\"uc_btn_inner\">\n            <div class=\"uc_btn_txt\">VEDI DI PI\u00d9<\/div>\n                      <\/div>\n      \t<\/a>\n        \n                \n      <\/div>                           \n \t<\/div>  <\/div>      \n        \n<\/div>\n\n\n\n\n<div id=\"uc_post_grid_elementor_5f89b23_item9\" class=\"uc_post_grid_style_one_item ue_post_grid_item ue-item \">\n  \n      <a class=\"uc_post_grid_style_one_image \" href='https:\/\/agorafabrics.com\/it\/agora-condivide-lesperienza-tissue-allinterihotel-di-barcellona\/' target=\"_self\">\n     <div class=\"uc_post_image\">\n       <img decoding=\"async\" src=\"https:\/\/agorafabrics.com\/wp-content\/uploads\/2024\/07\/muestrario-telas-resistentes-1.jpg\" >\n       <div class=\"uc_post_image_overlay\"><\/div>\n     <\/div>\n    <\/a>\n   \n  <div class=\"uc_content\">\n    <div class=\"uc_content_inner\">\n      <div class=\"uc_content-info-wrapper\" >\n        \n                 \n        \t        \t\t      \t\t        \n        \t<div class=\"ue-grid-item-category\">\n                      \t<\/div>        \n      \n              \n\n            \t\t\t<div class=\"uc_post_title\"><a class=\"\" href='https:\/\/agorafabrics.com\/it\/agora-condivide-lesperienza-tissue-allinterihotel-di-barcellona\/' target=\"_self\"><div class=\"ue_p_title\">Agora\u00ae condivide l'esperienza Tissue all'Interihotel di Barcellona<\/div><\/a><\/div>\n      \t\n                      \n       \n        <div class=\"ue-meta-data\">\n            \n                \t    \n                \n        \n\t\n                \n                \n                \n                \n    \t\t\t\n      \n            \n  <\/div>\t\n      \t<div class=\"uc_post_text\">Agor\u00e0 si incontra in questa occasione con il mondo del design e dell&#8217;ospitalit\u00e0.\nIl marchio di...<\/div>\n     \n                 \n                            \n                                  \n     <\/div>                      \n           <div class=\"uc_post_button\">\n        \n        <a class=\"uc_more_btn \" target=\"_self\" href='https:\/\/agorafabrics.com\/it\/agora-condivide-lesperienza-tissue-allinterihotel-di-barcellona\/'>\n          <div class=\"uc_btn_inner\">\n            <div class=\"uc_btn_txt\">VEDI DI PI\u00d9<\/div>\n                      <\/div>\n      \t<\/a>\n        \n                \n      <\/div>                           \n \t<\/div>  <\/div>      \n        \n<\/div>\n\n\n\n\n<div id=\"uc_post_grid_elementor_5f89b23_item10\" class=\"uc_post_grid_style_one_item ue_post_grid_item ue-item \">\n  \n      <a class=\"uc_post_grid_style_one_image \" href='https:\/\/agorafabrics.com\/it\/dietro-la-fiera-lesperienza-agora-a-home-textiles-premium\/' target=\"_self\">\n     <div class=\"uc_post_image\">\n       <img decoding=\"async\" src=\"https:\/\/agorafabrics.com\/wp-content\/uploads\/2024\/07\/muestrario-telas-resistentes-1.jpg\" >\n       <div class=\"uc_post_image_overlay\"><\/div>\n     <\/div>\n    <\/a>\n   \n  <div class=\"uc_content\">\n    <div class=\"uc_content_inner\">\n      <div class=\"uc_content-info-wrapper\" >\n        \n                 \n        \t        \t\t      \t\t        \n        \t<div class=\"ue-grid-item-category\">\n                      \t<\/div>        \n      \n              \n\n            \t\t\t<div class=\"uc_post_title\"><a class=\"\" href='https:\/\/agorafabrics.com\/it\/dietro-la-fiera-lesperienza-agora-a-home-textiles-premium\/' target=\"_self\"><div class=\"ue_p_title\">Dietro la fiera: l'esperienza Agora\u00ae a Home Textiles Premium<\/div><\/a><\/div>\n      \t\n                      \n       \n        <div class=\"ue-meta-data\">\n            \n                \t    \n                \n        \n\t\n                \n                \n                \n                \n    \t\t\t\n      \n            \n  <\/div>\t\n      \t<div class=\"uc_post_text\">Il marchio di tessuti si reca a Valencia per la fiera specializzata nel settore tessile.\nHome Textiles...<\/div>\n     \n                 \n                            \n                                  \n     <\/div>                      \n           <div class=\"uc_post_button\">\n        \n        <a class=\"uc_more_btn \" target=\"_self\" href='https:\/\/agorafabrics.com\/it\/dietro-la-fiera-lesperienza-agora-a-home-textiles-premium\/'>\n          <div class=\"uc_btn_inner\">\n            <div class=\"uc_btn_txt\">VEDI DI PI\u00d9<\/div>\n                      <\/div>\n      \t<\/a>\n        \n                \n      <\/div>                           \n \t<\/div>  <\/div>      \n        \n<\/div>\n\n\n\n\n<div id=\"uc_post_grid_elementor_5f89b23_item11\" class=\"uc_post_grid_style_one_item ue_post_grid_item ue-item \">\n  \n      <a class=\"uc_post_grid_style_one_image \" href='https:\/\/agorafabrics.com\/it\/agora-continua-a-partecipare-ai-principali-eventi-del-settore\/' target=\"_self\">\n     <div class=\"uc_post_image\">\n       <img decoding=\"async\" src=\"https:\/\/agorafabrics.com\/wp-content\/uploads\/2024\/07\/muestrario-telas-resistentes-1.jpg\" >\n       <div class=\"uc_post_image_overlay\"><\/div>\n     <\/div>\n    <\/a>\n   \n  <div class=\"uc_content\">\n    <div class=\"uc_content_inner\">\n      <div class=\"uc_content-info-wrapper\" >\n        \n                 \n        \t        \t\t      \t\t        \n        \t<div class=\"ue-grid-item-category\">\n                            \t              \t\t<a href=\"javascript:void(0);\" class=\"presentazione\">Presentazione<\/a>\n              \t                      \t<\/div>        \n      \n              \n\n            \t\t\t<div class=\"uc_post_title\"><a class=\"\" href='https:\/\/agorafabrics.com\/it\/agora-continua-a-partecipare-ai-principali-eventi-del-settore\/' target=\"_self\"><div class=\"ue_p_title\">Agora\u00ae continua a partecipare ai principali eventi del settore<\/div><\/a><\/div>\n      \t\n                      \n       \n        <div class=\"ue-meta-data\">\n            \n                \t    \n                \n        \n\t\n                \n                \n                \n                \n    \t\t\t\n      \n            \n  <\/div>\t\n      \t<div class=\"uc_post_text\">Il marchio di tessuti per esterni inizia il suo secondo ciclo di fiere.\nAgora ha fatto parlare di s\u00e9...<\/div>\n     \n                 \n                            \n                                  \n     <\/div>                      \n           <div class=\"uc_post_button\">\n        \n        <a class=\"uc_more_btn \" target=\"_self\" href='https:\/\/agorafabrics.com\/it\/agora-continua-a-partecipare-ai-principali-eventi-del-settore\/'>\n          <div class=\"uc_btn_inner\">\n            <div class=\"uc_btn_txt\">VEDI DI PI\u00d9<\/div>\n                      <\/div>\n      \t<\/a>\n        \n                \n      <\/div>                           \n \t<\/div>  <\/div>      \n        \n<\/div>\n\n\n\n\n<div id=\"uc_post_grid_elementor_5f89b23_item12\" class=\"uc_post_grid_style_one_item ue_post_grid_item ue-item \">\n  \n      <a class=\"uc_post_grid_style_one_image \" href='https:\/\/agorafabrics.com\/it\/visita-agora-al-salone-del-mobile-2023\/' target=\"_self\">\n     <div class=\"uc_post_image\">\n       <img loading=\"lazy\" decoding=\"async\" src=\"https:\/\/agorafabrics.com\/wp-content\/uploads\/2025\/03\/Telas-Salone-del-mobile-831x1024-1.webp\"  src=\"https:\/\/agorafabrics.com\/wp-content\/uploads\/2025\/03\/Telas-Salone-del-mobile-831x1024-1.webp\" alt=\"Telas-Salone-del-mobile-831x1024\" width=\"831\" height=\"1024\">\n       <div class=\"uc_post_image_overlay\"><\/div>\n     <\/div>\n    <\/a>\n   \n  <div class=\"uc_content\">\n    <div class=\"uc_content_inner\">\n      <div class=\"uc_content-info-wrapper\" >\n        \n                 \n        \t        \t\t      \t\t        \n        \t<div class=\"ue-grid-item-category\">\n                            \t              \t\t<a href=\"javascript:void(0);\" class=\"senza-categoria\">Senza categoria<\/a>\n              \t                      \t<\/div>        \n      \n              \n\n            \t\t\t<div class=\"uc_post_title\"><a class=\"\" href='https:\/\/agorafabrics.com\/it\/visita-agora-al-salone-del-mobile-2023\/' target=\"_self\"><div class=\"ue_p_title\">Visita Agora\u00ae al Salone del Mobile 2023<\/div><\/a><\/div>\n      \t\n                      \n       \n        <div class=\"ue-meta-data\">\n            \n                \t    \n                \n        \n\t\n                \n                \n                \n                \n    \t\t\t\n      \n            \n  <\/div>\t\n      \t<div class=\"uc_post_text\">Il marchio di tessuti partecipa alla nuova edizione della prestigiosa fiera dell&#8217;arredamento e...<\/div>\n     \n                 \n                            \n                                  \n     <\/div>                      \n           <div class=\"uc_post_button\">\n        \n        <a class=\"uc_more_btn \" target=\"_self\" href='https:\/\/agorafabrics.com\/it\/visita-agora-al-salone-del-mobile-2023\/'>\n          <div class=\"uc_btn_inner\">\n            <div class=\"uc_btn_txt\">VEDI DI PI\u00d9<\/div>\n                      <\/div>\n      \t<\/a>\n        \n                \n      <\/div>                           \n \t<\/div>  <\/div>      \n        \n<\/div>\n\n\n\n\n<div id=\"uc_post_grid_elementor_5f89b23_item13\" class=\"uc_post_grid_style_one_item ue_post_grid_item ue-item \">\n  \n      <a class=\"uc_post_grid_style_one_image \" href='https:\/\/agorafabrics.com\/it\/calendario-delle-fiere-2022\/' target=\"_self\">\n     <div class=\"uc_post_image\">\n       <img loading=\"lazy\" decoding=\"async\" src=\"https:\/\/agorafabrics.com\/wp-content\/uploads\/2025\/03\/Header_Imagen_Ferias-1024x684-1.webp\"  src=\"https:\/\/agorafabrics.com\/wp-content\/uploads\/2025\/03\/Header_Imagen_Ferias-1024x684-1.webp\" alt=\"Header_Imagen_Ferias-1024x684\" width=\"1024\" height=\"684\">\n       <div class=\"uc_post_image_overlay\"><\/div>\n     <\/div>\n    <\/a>\n   \n  <div class=\"uc_content\">\n    <div class=\"uc_content_inner\">\n      <div class=\"uc_content-info-wrapper\" >\n        \n                 \n        \t        \t\t      \t\t        \n        \t<div class=\"ue-grid-item-category\">\n                            \t              \t\t<a href=\"javascript:void(0);\" class=\"senza-categoria\">Senza categoria<\/a>\n              \t                      \t<\/div>        \n      \n              \n\n            \t\t\t<div class=\"uc_post_title\"><a class=\"\" href='https:\/\/agorafabrics.com\/it\/calendario-delle-fiere-2022\/' target=\"_self\"><div class=\"ue_p_title\">Calendario delle fiere 2022<\/div><\/a><\/div>\n      \t\n                      \n       \n        <div class=\"ue-meta-data\">\n            \n                \t    \n                \n        \n\t\n                \n                \n                \n                \n    \t\t\t\n      \n            \n  <\/div>\t\n      \t<div class=\"uc_post_text\">Vieni a trovarci!\nAll&#8217;inizio del 2020 hai avuto modo di conoscere il team di Agora alla fiera Heimtextil...<\/div>\n     \n                 \n                            \n                                  \n     <\/div>                      \n           <div class=\"uc_post_button\">\n        \n        <a class=\"uc_more_btn \" target=\"_self\" href='https:\/\/agorafabrics.com\/it\/calendario-delle-fiere-2022\/'>\n          <div class=\"uc_btn_inner\">\n            <div class=\"uc_btn_txt\">VEDI DI PI\u00d9<\/div>\n                      <\/div>\n      \t<\/a>\n        \n                \n      <\/div>                           \n \t<\/div>  <\/div>      \n        \n<\/div>\n\n\n\n\n<div id=\"uc_post_grid_elementor_5f89b23_item14\" class=\"uc_post_grid_style_one_item ue_post_grid_item ue-item \">\n  \n      <a class=\"uc_post_grid_style_one_image \" href='https:\/\/agorafabrics.com\/it\/tessuti-riciclati-ecco-agora-life\/' target=\"_self\">\n     <div class=\"uc_post_image\">\n       <img decoding=\"async\" src=\"https:\/\/agorafabrics.com\/wp-content\/uploads\/2024\/07\/muestrario-telas-resistentes-1.jpg\" >\n       <div class=\"uc_post_image_overlay\"><\/div>\n     <\/div>\n    <\/a>\n   \n  <div class=\"uc_content\">\n    <div class=\"uc_content_inner\">\n      <div class=\"uc_content-info-wrapper\" >\n        \n                 \n        \t        \t\t      \t\t        \n        \t<div class=\"ue-grid-item-category\">\n                            \t              \t\t<a href=\"javascript:void(0);\" class=\"agora-riciclata\">Agora Riciclata<\/a>\n              \t                      \t<\/div>        \n      \n              \n\n            \t\t\t<div class=\"uc_post_title\"><a class=\"\" href='https:\/\/agorafabrics.com\/it\/tessuti-riciclati-ecco-agora-life\/' target=\"_self\"><div class=\"ue_p_title\">Tessuti riciclati: ecco Agora\u00ae Life<\/div><\/a><\/div>\n      \t\n                      \n       \n        <div class=\"ue-meta-data\">\n            \n                \t    \n                \n        \n\t\n                \n                \n                \n                \n    \t\t\t\n      \n            \n  <\/div>\t\n      \t<div class=\"uc_post_text\">Tessuti per oggi, pensando al domani\nAgora Life \u00e8 una linea di tessuti riciclati progettati pensando...<\/div>\n     \n                 \n                            \n                                  \n     <\/div>                      \n           <div class=\"uc_post_button\">\n        \n        <a class=\"uc_more_btn \" target=\"_self\" href='https:\/\/agorafabrics.com\/it\/tessuti-riciclati-ecco-agora-life\/'>\n          <div class=\"uc_btn_inner\">\n            <div class=\"uc_btn_txt\">VEDI DI PI\u00d9<\/div>\n                      <\/div>\n      \t<\/a>\n        \n                \n      <\/div>                           \n \t<\/div>  <\/div>      \n        \n<\/div>\n\n\n\n\n<div id=\"uc_post_grid_elementor_5f89b23_item15\" class=\"uc_post_grid_style_one_item ue_post_grid_item ue-item \">\n  \n      <a class=\"uc_post_grid_style_one_image \" href='https:\/\/agorafabrics.com\/it\/lesperienza-agora\/' target=\"_self\">\n     <div class=\"uc_post_image\">\n       <img decoding=\"async\" src=\"https:\/\/agorafabrics.com\/wp-content\/uploads\/2024\/07\/muestrario-telas-resistentes-1.jpg\" >\n       <div class=\"uc_post_image_overlay\"><\/div>\n     <\/div>\n    <\/a>\n   \n  <div class=\"uc_content\">\n    <div class=\"uc_content_inner\">\n      <div class=\"uc_content-info-wrapper\" >\n        \n                 \n        \t        \t\t      \t\t        \n        \t<div class=\"ue-grid-item-category\">\n                            \t              \t\t<a href=\"javascript:void(0);\" class=\"presentazione\">Presentazione<\/a>\n              \t                      \t<\/div>        \n      \n              \n\n            \t\t\t<div class=\"uc_post_title\"><a class=\"\" href='https:\/\/agorafabrics.com\/it\/lesperienza-agora\/' target=\"_self\"><div class=\"ue_p_title\">L'esperienza Agora<\/div><\/a><\/div>\n      \t\n                      \n       \n        <div class=\"ue-meta-data\">\n            \n                \t    \n                \n        \n\t\n                \n                \n                \n                \n    \t\t\t\n      \n            \n  <\/div>\t\n      \t<div class=\"uc_post_text\">Abbraccia le tue storie\nIl mare, il sole, le culture, la pioggia, la casa&#8230;\nTutto questo e molto...<\/div>\n     \n                 \n                            \n                                  \n     <\/div>                      \n           <div class=\"uc_post_button\">\n        \n        <a class=\"uc_more_btn \" target=\"_self\" href='https:\/\/agorafabrics.com\/it\/lesperienza-agora\/'>\n          <div class=\"uc_btn_inner\">\n            <div class=\"uc_btn_txt\">VEDI DI PI\u00d9<\/div>\n                      <\/div>\n      \t<\/a>\n        \n                \n      <\/div>                           \n \t<\/div>  <\/div>      \n        \n<\/div>\n\n\n\n\n<div id=\"uc_post_grid_elementor_5f89b23_item16\" class=\"uc_post_grid_style_one_item ue_post_grid_item ue-item \">\n  \n      <a class=\"uc_post_grid_style_one_image \" href='https:\/\/agorafabrics.com\/it\/nuova-collezione-agora-cheviot\/' target=\"_self\">\n     <div class=\"uc_post_image\">\n       <img decoding=\"async\" src=\"https:\/\/agorafabrics.com\/wp-content\/uploads\/2024\/07\/muestrario-telas-resistentes-1.jpg\" >\n       <div class=\"uc_post_image_overlay\"><\/div>\n     <\/div>\n    <\/a>\n   \n  <div class=\"uc_content\">\n    <div class=\"uc_content_inner\">\n      <div class=\"uc_content-info-wrapper\" >\n        \n                 \n        \t        \t\t      \t\t        \n        \t<div class=\"ue-grid-item-category\">\n                            \t              \t\t<a href=\"javascript:void(0);\" class=\"collezioni\">Collezioni<\/a>\n              \t                      \t<\/div>        \n      \n              \n\n            \t\t\t<div class=\"uc_post_title\"><a class=\"\" href='https:\/\/agorafabrics.com\/it\/nuova-collezione-agora-cheviot\/' target=\"_self\"><div class=\"ue_p_title\">Nuova collezione Agora\u00ae Cheviot<\/div><\/a><\/div>\n      \t\n                      \n       \n        <div class=\"ue-meta-data\">\n            \n                \t    \n                \n        \n\t\n                \n                \n                \n                \n    \t\t\t\n      \n            \n  <\/div>\t\n      \t<div class=\"uc_post_text\">&#013;\nUna texture di carattere\n&#013;\nTriplo filato e triplo colore per incarnare il carattere del nuovo...<\/div>\n     \n                 \n                            \n                                  \n     <\/div>                      \n           <div class=\"uc_post_button\">\n        \n        <a class=\"uc_more_btn \" target=\"_self\" href='https:\/\/agorafabrics.com\/it\/nuova-collezione-agora-cheviot\/'>\n          <div class=\"uc_btn_inner\">\n            <div class=\"uc_btn_txt\">VEDI DI PI\u00d9<\/div>\n                      <\/div>\n      \t<\/a>\n        \n                \n      <\/div>                           \n \t<\/div>  <\/div>      \n        \n<\/div>\n\n\n\n\n<div id=\"uc_post_grid_elementor_5f89b23_item17\" class=\"uc_post_grid_style_one_item ue_post_grid_item ue-item \">\n  \n      <a class=\"uc_post_grid_style_one_image \" href='https:\/\/agorafabrics.com\/it\/scopri-le-nuove-lisos-di-agora\/' target=\"_self\">\n     <div class=\"uc_post_image\">\n       <img loading=\"lazy\" decoding=\"async\" src=\"https:\/\/agorafabrics.com\/wp-content\/uploads\/2024\/10\/1043_AG_SENDA-OCEANO.jpg\"  src=\"https:\/\/agorafabrics.com\/wp-content\/uploads\/2024\/10\/1043_AG_SENDA-OCEANO.jpg\" alt=\"1043_AG_SENDA OCEANO\" width=\"800\" height=\"800\">\n       <div class=\"uc_post_image_overlay\"><\/div>\n     <\/div>\n    <\/a>\n   \n  <div class=\"uc_content\">\n    <div class=\"uc_content_inner\">\n      <div class=\"uc_content-info-wrapper\" >\n        \n                 \n        \t        \t\t      \t\t        \n        \t<div class=\"ue-grid-item-category\">\n                            \t              \t\t<a href=\"javascript:void(0);\" class=\"colori\">Colori<\/a>\n              \t                      \t<\/div>        \n      \n              \n\n            \t\t\t<div class=\"uc_post_title\"><a class=\"\" href='https:\/\/agorafabrics.com\/it\/scopri-le-nuove-lisos-di-agora\/' target=\"_self\"><div class=\"ue_p_title\">Scopri le nuove Lisos di Agora\u00ae.<\/div><\/a><\/div>\n      \t\n                      \n       \n        <div class=\"ue-meta-data\">\n            \n                \t    \n                \n        \n\t\n                \n                \n                \n                \n    \t\t\t\n      \n            \n  <\/div>\t\n      \t<div class=\"uc_post_text\">&#013;\nAgora\u00ae aggiunge 5 nuovi colori alla sua gamma\n&#013;\n&#013;\n\n&#013;\n&#013;\nLa nostra collezione...<\/div>\n     \n                 \n                            \n                                  \n     <\/div>                      \n           <div class=\"uc_post_button\">\n        \n        <a class=\"uc_more_btn \" target=\"_self\" href='https:\/\/agorafabrics.com\/it\/scopri-le-nuove-lisos-di-agora\/'>\n          <div class=\"uc_btn_inner\">\n            <div class=\"uc_btn_txt\">VEDI DI PI\u00d9<\/div>\n                      <\/div>\n      \t<\/a>\n        \n                \n      <\/div>                           \n \t<\/div>  <\/div>      \n        \n<\/div>\n\n\n\n\n<div id=\"uc_post_grid_elementor_5f89b23_item18\" class=\"uc_post_grid_style_one_item ue_post_grid_item ue-item \">\n  \n      <a class=\"uc_post_grid_style_one_image \" href='https:\/\/agorafabrics.com\/it\/nuova-collezione-agora-air\/' target=\"_self\">\n     <div class=\"uc_post_image\">\n       <img decoding=\"async\" src=\"https:\/\/agorafabrics.com\/wp-content\/uploads\/2024\/07\/muestrario-telas-resistentes-1.jpg\" >\n       <div class=\"uc_post_image_overlay\"><\/div>\n     <\/div>\n    <\/a>\n   \n  <div class=\"uc_content\">\n    <div class=\"uc_content_inner\">\n      <div class=\"uc_content-info-wrapper\" >\n        \n                 \n        \t        \t\t      \t\t        \n        \t<div class=\"ue-grid-item-category\">\n                            \t              \t\t<a href=\"javascript:void(0);\" class=\"collezioni\">Collezioni<\/a>\n              \t                      \t<\/div>        \n      \n              \n\n            \t\t\t<div class=\"uc_post_title\"><a class=\"\" href='https:\/\/agorafabrics.com\/it\/nuova-collezione-agora-air\/' target=\"_self\"><div class=\"ue_p_title\">Nuova collezione Agora\u00ae Air<\/div><\/a><\/div>\n      \t\n                      \n       \n        <div class=\"ue-meta-data\">\n            \n                \t    \n                \n        \n\t\n                \n                \n                \n                \n    \t\t\t\n      \n            \n  <\/div>\t\n      \t<div class=\"uc_post_text\">&#013;\nUna gamma cromatica sobria e delicata, che si integra sottilmente negli spazi pi\u00f9 esigenti.\n&#013;\nLe...<\/div>\n     \n                 \n                            \n                                  \n     <\/div>                      \n           <div class=\"uc_post_button\">\n        \n        <a class=\"uc_more_btn \" target=\"_self\" href='https:\/\/agorafabrics.com\/it\/nuova-collezione-agora-air\/'>\n          <div class=\"uc_btn_inner\">\n            <div class=\"uc_btn_txt\">VEDI DI PI\u00d9<\/div>\n                      <\/div>\n      \t<\/a>\n        \n                \n      <\/div>                           \n \t<\/div>  <\/div>      \n        \n<\/div>\n\n\t\t<\/div>\n\t<\/div>\n\n\n\n<!-- end Post Grid -->\t\t\t\t<\/div>\n\t\t\t\t<\/div>\n\t\t\t\t<\/div>\n\t\t\t\t\t<\/div>\n\t\t\t\t<\/div>\n\t\t<div class=\"elementor-element elementor-element-2e14ac7 e-flex e-con-boxed e-con e-parent\" data-id=\"2e14ac7\" data-element_type=\"container\" data-e-type=\"container\" id=\"clippings\">\n\t\t\t\t\t<div class=\"e-con-inner\">\n\t\t<div class=\"elementor-element elementor-element-46440ad e-con-full e-flex e-con e-child\" data-id=\"46440ad\" data-element_type=\"container\" data-e-type=\"container\">\n\t\t\t\t<div class=\"elementor-element elementor-element-862dadd elementor-widget elementor-widget-heading\" data-id=\"862dadd\" data-element_type=\"widget\" data-e-type=\"widget\" data-widget_type=\"heading.default\">\n\t\t\t\t\t<h2 class=\"elementor-heading-title elementor-size-default\">Ritagli<\/h2>\t\t\t\t<\/div>\n\t\t\t\t<div class=\"elementor-element elementor-element-e468f9e elementor-widget elementor-widget-ucaddon_uc_carousel_image\" data-id=\"e468f9e\" data-element_type=\"widget\" data-e-type=\"widget\" data-widget_type=\"ucaddon_uc_carousel_image.default\">\n\t\t\t\t<div class=\"elementor-widget-container\">\n\t\t\t\t\t\n<!-- start Carousel Gallery -->\n\t\t<link id='unitegallery-css' href='https:\/\/agorafabrics.com\/wp-content\/plugins\/unlimited-elements-for-elementor-premium\/assets_libraries\/unitegallery\/css\/unite-gallery.css' type='text\/css' rel='stylesheet' >\n\n\n<div id=\"uc_uc_carousel_image_elementor_e468f9e\" style=\"display:none;\" class=\"uc-items-wrapper\" data-custom-sethtml=\"true\" >\n\n\n<img decoding=\"async\" alt=\"AD Agora iF Design\"\n   src=\"https:\/\/agorafabrics.com\/wp-content\/uploads\/2026\/04\/AD-Agora-iF-Design.png\"\n    data-image=\"https:\/\/agorafabrics.com\/wp-content\/uploads\/2026\/04\/AD-Agora-iF-Design.png\"\n    data-title=\"AD Agora iF Design\">\n\n<img decoding=\"async\" alt=\"INTERIORES Agora iF Design\"\n   src=\"https:\/\/agorafabrics.com\/wp-content\/uploads\/2026\/04\/INTERIORES-Agora-iF-Design.png\"\n    data-image=\"https:\/\/agorafabrics.com\/wp-content\/uploads\/2026\/04\/INTERIORES-Agora-iF-Design.png\"\n    data-title=\"INTERIORES Agora iF Design\">\n\n<img decoding=\"async\" alt=\"REVISTA_NE_CASAS CON ALMA-pages AGORA\"\n   src=\"https:\/\/agorafabrics.com\/wp-content\/uploads\/2025\/12\/REVISTA_NE_CASAS-CON-ALMA-pages-AGORA-scaled.jpg\"\n    data-image=\"https:\/\/agorafabrics.com\/wp-content\/uploads\/2025\/12\/REVISTA_NE_CASAS-CON-ALMA-pages-AGORA-scaled.jpg\"\n    data-title=\"REVISTA_NE_CASAS CON ALMA-pages AGORA\">\n\n<img decoding=\"async\" alt=\"Arquitectura_Dise\u00f1o_Agora\"\n   src=\"https:\/\/agorafabrics.com\/wp-content\/uploads\/2025\/10\/Arquitectura_Diseno_Agora.jpg\"\n    data-image=\"https:\/\/agorafabrics.com\/wp-content\/uploads\/2025\/10\/Arquitectura_Diseno_Agora.jpg\"\n    data-title=\"Arquitectura_Dise\u00f1o_Agora\">\n\n<img decoding=\"async\" alt=\"ArtHome_Tuvatextil\"\n   src=\"https:\/\/agorafabrics.com\/wp-content\/uploads\/2025\/10\/ArtHome_Tuvatextil-1-scaled.jpg\"\n    data-image=\"https:\/\/agorafabrics.com\/wp-content\/uploads\/2025\/10\/ArtHome_Tuvatextil-1-scaled.jpg\"\n    data-title=\"ArtHome_Tuvatextil\">\n\n<img decoding=\"async\" alt=\"ArtHome n2 - Arti\u0301culo Agora\"\n   src=\"https:\/\/agorafabrics.com\/wp-content\/uploads\/2024\/10\/ArtHome-n2-Articulo-Agora.jpg\"\n    data-image=\"https:\/\/agorafabrics.com\/wp-content\/uploads\/2024\/10\/ArtHome-n2-Articulo-Agora.jpg\"\n    data-title=\"ArtHome n2 - Arti\u0301culo Agora\">\n\n<img decoding=\"async\" alt=\"Arquitectura y disen\u0303o - Online\"\n   src=\"https:\/\/agorafabrics.com\/wp-content\/uploads\/2024\/10\/Arquitectura-y-diseno-Online.jpg\"\n    data-image=\"https:\/\/agorafabrics.com\/wp-content\/uploads\/2024\/10\/Arquitectura-y-diseno-Online.jpg\"\n    data-title=\"Arquitectura y disen\u0303o - Online\">\n\n<img decoding=\"async\" alt=\"ArtHome n10 - Arti\u0301culo Agora\"\n   src=\"https:\/\/agorafabrics.com\/wp-content\/uploads\/2024\/10\/ArtHome-n10-Articulo-Agora.jpg\"\n    data-image=\"https:\/\/agorafabrics.com\/wp-content\/uploads\/2024\/10\/ArtHome-n10-Articulo-Agora.jpg\"\n    data-title=\"ArtHome n10 - Arti\u0301culo Agora\">\n\n<img decoding=\"async\" alt=\"ArtHome n12 - Agora Fabrics\"\n   src=\"https:\/\/agorafabrics.com\/wp-content\/uploads\/2024\/10\/ArtHome-n12-Agora-Fabrics.jpg\"\n    data-image=\"https:\/\/agorafabrics.com\/wp-content\/uploads\/2024\/10\/ArtHome-n12-Agora-Fabrics.jpg\"\n    data-title=\"ArtHome n12 - Agora Fabrics\">\n\n<img decoding=\"async\" alt=\"ARTHOME-10-AgoraTexto-SEPT 2022\"\n   src=\"https:\/\/agorafabrics.com\/wp-content\/uploads\/2024\/10\/ARTHOME-10-AgoraTexto-SEPT-2022.jpg\"\n    data-image=\"https:\/\/agorafabrics.com\/wp-content\/uploads\/2024\/10\/ARTHOME-10-AgoraTexto-SEPT-2022.jpg\"\n    data-title=\"ARTHOME-10-AgoraTexto-SEPT 2022\">\n\n<img decoding=\"async\" alt=\"Axxis Edicio\u0301n 339 - Agora Fabrics\"\n   src=\"https:\/\/agorafabrics.com\/wp-content\/uploads\/2024\/10\/Axxis-Edicion-339-Agora-Fabrics.jpg\"\n    data-image=\"https:\/\/agorafabrics.com\/wp-content\/uploads\/2024\/10\/Axxis-Edicion-339-Agora-Fabrics.jpg\"\n    data-title=\"Axxis Edicio\u0301n 339 - Agora Fabrics\">\n\n<img decoding=\"async\" alt=\"Axxis Edicio\u0301n 340 - Agora Fabrics\"\n   src=\"https:\/\/agorafabrics.com\/wp-content\/uploads\/2024\/10\/Axxis-Edicion-340-Agora-Fabrics.jpg\"\n    data-image=\"https:\/\/agorafabrics.com\/wp-content\/uploads\/2024\/10\/Axxis-Edicion-340-Agora-Fabrics.jpg\"\n    data-title=\"Axxis Edicio\u0301n 340 - Agora Fabrics\">\n\n<img decoding=\"async\" alt=\"Hosteleria n86 - Agora Fabrics\"\n   src=\"https:\/\/agorafabrics.com\/wp-content\/uploads\/2024\/10\/Hosteleria-n86-Agora-Fabrics.jpg\"\n    data-image=\"https:\/\/agorafabrics.com\/wp-content\/uploads\/2024\/10\/Hosteleria-n86-Agora-Fabrics.jpg\"\n    data-title=\"Hosteleria n86 - Agora Fabrics\">\n\n<img decoding=\"async\" alt=\"ON Disen\u0303o n391 - Agora Fabrics\"\n   src=\"https:\/\/agorafabrics.com\/wp-content\/uploads\/2024\/10\/ON-Diseno-n391-Agora-Fabrics.jpg\"\n    data-image=\"https:\/\/agorafabrics.com\/wp-content\/uploads\/2024\/10\/ON-Diseno-n391-Agora-Fabrics.jpg\"\n    data-title=\"ON Disen\u0303o n391 - Agora Fabrics\">\n\n<img decoding=\"async\" alt=\"ROOM n39 - Agora Fabrics\"\n   src=\"https:\/\/agorafabrics.com\/wp-content\/uploads\/2024\/10\/ROOM-n39-Agora-Fabrics.jpg\"\n    data-image=\"https:\/\/agorafabrics.com\/wp-content\/uploads\/2024\/10\/ROOM-n39-Agora-Fabrics.jpg\"\n    data-title=\"ROOM n39 - Agora Fabrics\">\n\n<img decoding=\"async\" alt=\"ON Disen\u0303o n419 - Agora Fabrics\"\n   src=\"https:\/\/agorafabrics.com\/wp-content\/uploads\/2024\/10\/ON-Diseno-n419-Agora-Fabrics.jpg\"\n    data-image=\"https:\/\/agorafabrics.com\/wp-content\/uploads\/2024\/10\/ON-Diseno-n419-Agora-Fabrics.jpg\"\n    data-title=\"ON Disen\u0303o n419 - Agora Fabrics\">\n\n<img decoding=\"async\" alt=\"ROOM n40 - AgoraAmigos\"\n   src=\"https:\/\/agorafabrics.com\/wp-content\/uploads\/2024\/10\/ROOM-n40-AgoraAmigos.jpg\"\n    data-image=\"https:\/\/agorafabrics.com\/wp-content\/uploads\/2024\/10\/ROOM-n40-AgoraAmigos.jpg\"\n    data-title=\"ROOM n40 - AgoraAmigos\">\n\n<img decoding=\"async\" alt=\"Spain Contract n40 - Arti\u0301culo SH Agora\"\n   src=\"https:\/\/agorafabrics.com\/wp-content\/uploads\/2024\/10\/Spain-Contract-n40-Articulo-SH-Agora.jpg\"\n    data-image=\"https:\/\/agorafabrics.com\/wp-content\/uploads\/2024\/10\/Spain-Contract-n40-Articulo-SH-Agora.jpg\"\n    data-title=\"Spain Contract n40 - Arti\u0301culo SH Agora\">\n\n<img decoding=\"async\" alt=\"Spain Contract n43 - Arti\u0301culo Air Agora\"\n   src=\"https:\/\/agorafabrics.com\/wp-content\/uploads\/2024\/10\/Spain-Contract-n43-Articulo-Air-Agora.jpg\"\n    data-image=\"https:\/\/agorafabrics.com\/wp-content\/uploads\/2024\/10\/Spain-Contract-n43-Articulo-Air-Agora.jpg\"\n    data-title=\"Spain Contract n43 - Arti\u0301culo Air Agora\">\n\n  \n<\/div>\n<!-- end Carousel Gallery -->\t\t\t\t<\/div>\n\t\t\t\t<\/div>\n\t\t\t\t<\/div>\n\t\t\t\t\t<\/div>\n\t\t\t\t<\/div>\n\t\t<div class=\"elementor-element elementor-element-9f4b82a elementor-hidden-desktop elementor-hidden-tablet elementor-hidden-mobile e-flex e-con-boxed e-con e-parent\" data-id=\"9f4b82a\" data-element_type=\"container\" data-e-type=\"container\" data-settings=\"{&quot;background_background&quot;:&quot;gradient&quot;}\">\n\t\t\t\t\t<div class=\"e-con-inner\">\n\t\t<div class=\"elementor-element elementor-element-7beaadc e-con-full e-flex e-con e-child\" data-id=\"7beaadc\" data-element_type=\"container\" data-e-type=\"container\">\n\t\t\t\t<div class=\"elementor-element elementor-element-2ab4c66 elementor-widget elementor-widget-heading\" data-id=\"2ab4c66\" data-element_type=\"widget\" data-e-type=\"widget\" data-widget_type=\"heading.default\">\n\t\t\t\t\t<h2 class=\"elementor-heading-title elementor-size-default\">Progetti<\/h2>\t\t\t\t<\/div>\n\t\t\t\t<div class=\"elementor-element elementor-element-90eb44f elementor-widget elementor-widget-ucaddon_ue_buttons_post_filter\" data-id=\"90eb44f\" data-element_type=\"widget\" data-e-type=\"widget\" data-widget_type=\"ucaddon_ue_buttons_post_filter.default\">\n\t\t\t\t<div class=\"elementor-widget-container\">\n\t\t\t\t\t\n<!-- start Tabs Filter -->\n\n<style>\/* widget: Tabs Filter *\/\n\n#uc_ue_buttons_post_filter_elementor_90eb44f.uc-filter-initing{\n    opacity:0.8;\n    cursor:default;\n}\n\n#uc_ue_buttons_post_filter_elementor_90eb44f .ue-debug-meta\n{\n  font-size:10px;\n  border:1px solid red;\n  padding:10px;\n}\n\n#uc_ue_buttons_post_filter_elementor_90eb44f .ue_taxonomy_image img\n{\n  display:block;\n}\n\n#uc_ue_buttons_post_filter_elementor_90eb44f.ue_taxonomy\n{\n  flex-wrap: wrap;\n}\n\n#uc_ue_buttons_post_filter_elementor_90eb44f a.ue_taxonomy_item\n{\n  display:block;\n}\n\n\n\n#uc_ue_buttons_post_filter_elementor_90eb44f .uc-item-hidden{\n\tdisplay:none !important;\n}\n\n\n#uc_ue_buttons_post_filter_elementor_90eb44f.uc-filter-initing a{\n   cursor:default;\n   background-color:lightgray !important;\n}\n\n#uc_ue_buttons_post_filter_elementor_90eb44f.uc-filter-initing .ue_taxonomy_item_content{\n\tvisibility:hidden;\n}\n\n\n\n\n#uc_ue_buttons_post_filter_elementor_90eb44f.uc-filter-hidden,\n#uc_ue_buttons_post_filter_elementor_90eb44f.uc-filter-initing.uc-initing-filter-hidden{\n  display:none !important;\n}\n\n\n#uc_ue_buttons_post_filter_elementor_90eb44f .ue_taxonomy_item_content\n{\n  display:flex;\n  align-items:center;\n}\n\n#uc_ue_buttons_post_filter_elementor_90eb44f .ue_taxonomy_item_icon\n{\n  flex-grow:0;\n  flex-shrink:0;\n}\n\n#uc_ue_buttons_post_filter_elementor_90eb44f .ue_taxonomy_item_icon_spacer\n{\n  flex-grow:0;\n  flex-shrink:0;\n}\n\n#uc_ue_buttons_post_filter_elementor_90eb44f .ue_taxonomy_item_num_posts\n{\n  flex-grow:0;\n  flex-shrink:0;\n}\n\n#uc_ue_buttons_post_filter_elementor_90eb44f .ue_taxonomy_item_title\n{\n  flex-grow:1;\n}\n\n\n#uc_ue_buttons_post_filter_elementor_90eb44f .ue_taxonomy_item_num_posts_spacer\n{\n  flex-grow:0;\n  flex-shrink:0;\n}\n\n#uc_ue_buttons_post_filter_elementor_90eb44f .uc-hide-loading-item{\n\tdisplay:none !important;\n}\n\n\n#uc_ue_buttons_post_filter_elementor_90eb44f-toggle\n{\n  display:none;\n}\n\n#uc_ue_buttons_post_filter_elementor_90eb44f-toggle .#uc_ue_buttons_post_filter_elementor_90eb44f-toggle\n{\n  display:none;\n}\n\n#uc_ue_buttons_post_filter_elementor_90eb44f-toggle .ue_taxonomy_toggle_icon\n{\n  display:inline-flex;\n  align-items:center;\n  justify-content:center;\n  line-height:1em;\n  cursor:pointer;\n}\n\n#uc_ue_buttons_post_filter_elementor_90eb44f-toggle .ue_taxonomy_toggle_icon svg\n{\n  height:1em;\n  width:1em;\n}\n\n\n#uc_ue_buttons_post_filter_elementor_90eb44f-toggle .ue_taxonomy_toggle_icon_close\n{\n  display:none;\n}\n\n  #uc_ue_buttons_post_filter_elementor_90eb44f .uc-item-all .ue_taxonomy_item_num_posts_spacer,\n  #uc_ue_buttons_post_filter_elementor_90eb44f .uc-item-all .ue_taxonomy_item_num_posts{\n\t \tdisplay:none !important;\n  }\n\n\n\n\n<\/style>\n\n\n<div class=\"ue_taxonomy_toggle\" id=\"uc_ue_buttons_post_filter_elementor_90eb44f-toggle\">\n  <div class=\"ue_taxonomy_toggle_icon\">\n    <div class=\"ue_taxonomy_toggle_icon_open\"><i class='fas fa-bars'><\/i><\/div>\n    <div class=\"ue_taxonomy_toggle_icon_close\"><i class='fas fa-times'><\/i><\/div>\n  <\/div>\n<\/div>\n\n\n<div id=\"uc_ue_buttons_post_filter_elementor_90eb44f-container\">\n  \n<div id=\"uc_ue_buttons_post_filter_elementor_90eb44f\" class=\"ue_taxonomy  uc-grid-filter\" data-isfilter=\"\" data-filtertype=\"terms_list\"  data-connectgroup=\"group2\" style=\"\">\n    \n    \n    \n<\/div>\n\n  \n<\/div>\n\n<!-- end Tabs Filter -->\t\t\t\t<\/div>\n\t\t\t\t<\/div>\n\t\t\t\t<div data-dce-text-color=\"#636363\" data-dce-title-color=\"#000000\" class=\"elementor-element elementor-element-ef7f7f1 elementor-widget elementor-widget-ucaddon_post_grid\" data-id=\"ef7f7f1\" data-element_type=\"widget\" data-e-type=\"widget\" data-widget_type=\"ucaddon_post_grid.default\">\n\t\t\t\t<div class=\"elementor-widget-container\">\n\t\t\t\t\t\n<!-- start Post Grid -->\n\n<style>\/* widget: Post Grid *\/\n\n\n\n#uc_post_grid_elementor_ef7f7f1{\n  min-height: 1px;\n}\n\n#uc_post_grid_elementor_ef7f7f1.uc_post_grid_style_one .uc_post_grid_style_one_wrap {\n   display:grid;\n}\n\n\n#uc_post_grid_elementor_ef7f7f1 .uc_post_grid_style_one_item{\n  position:relative;\n}\n\n#uc_post_grid_elementor_ef7f7f1 .uc_post_image{\n  transition:0.3s;\n  position:relative;\n  overflow:hidden;\n}\n\n#uc_post_grid_elementor_ef7f7f1 .uc_post_image img{\n  width:100%;\n  display:block;\n  transition:0.3s;\n}\n\n\t\n\n#uc_post_grid_elementor_ef7f7f1 .uc_post_image_overlay{\n  position:absolute;\n  top:0px;\n  left:0px;\n  height:100%;\n  width:100%;\n  transition:0.3s;\n}\n\n#uc_post_grid_elementor_ef7f7f1 .uc_more_btn-custom-field{\n  display:inline-block;\n  text-align:center;\n  text-decoration:none;\n  transition:0.3s;\n}\n\n#uc_post_grid_elementor_ef7f7f1 .uc_more_btn{\n  display:inline-block;\n  text-align:center;\n  text-decoration:none;\n  transition:0.3s;\n}\n\n.ue-grid-item-category a{\n  display:inline-block;\n  font-size:10px;\n  position: relative;\n  z-index: 1;\n}\n\n#uc_post_grid_elementor_ef7f7f1 .ue-grid-item-category a{\n    cursor: text;\n  }\n\n.uc_post_title{\n  font-size:21px;\n}\n\n\n\n  #uc_post_grid_elementor_ef7f7f1 .ue_post_grid_item{\n    display:flex;\n    flex-direction:column;\n  }\n\n  #uc_post_grid_elementor_ef7f7f1.uc_post_grid_style_one .uc_content{\n   flex-grow:1;\n  }\n\n  #uc_post_grid_elementor_ef7f7f1.uc_post_grid_style_one .uc_content > div{\n    height:100%;\n    display:flex;\n    flex-direction:column;\n    justify-content: space-between;  }\n\n    #uc_post_grid_elementor_ef7f7f1 .uc_post_button   {\n     margin-top:auto;\n   }\n  \n\n\n\n\n\n\n\n\n\n\n\n\n#uc_post_grid_elementor_ef7f7f1 .ue-meta-data{  \n  display:flex !important;\n  flex-wrap: wrap;\n  line-height:1em;\n}\n\n#uc_post_grid_elementor_ef7f7f1 .ue-grid-item-meta-data{\n  display:inline-flex;\n  align-items:center;\n}\n\n#uc_post_grid_elementor_ef7f7f1 .ue-grid-item-meta-data a{\n  color:inherit;\n}\n\n.ue-grid-item-meta-data{\n  font-size:12px;\n}\n\n#uc_post_grid_elementor_ef7f7f1 .ue-grid-item-meta-data-icon{\n  line-height:1em;\n}\n\n#uc_post_grid_elementor_ef7f7f1 .ue-grid-item-meta-data-icon svg{\n  width:1em;\n  height:1em;\n}\n\n#uc_post_grid_elementor_ef7f7f1 .ue-debug-meta{\n  padding:10px;\n  border:1px solid red;\n  position:relative;\n  line-height:1.5em;\n  font-size:11px;\n  width:100%;\n}\n\n#uc_post_grid_elementor_ef7f7f1 .uc_btn_inner{\n  display:inline-flex;\n  align-items:center;\n}\n\n#uc_post_grid_elementor_ef7f7f1 .uc_btn_inner svg{\n  width:1em;\n  height:1em;\n}\n\n\n\n#uc_post_grid_elementor_ef7f7f1 .uc_content_inner{\n  width: 100%;\n}\n\n\n<\/style>\n\n<div class=\"uc_post_grid_style_one uc-filterable-grid \" id=\"uc_post_grid_elementor_ef7f7f1\"  data-ajax='true'  data-filterbehave='ajax'  data-filtergroup='group2'  querydata='{&quot;count_posts&quot;:0,&quot;total_posts&quot;:0,&quot;page&quot;:1,&quot;num_pages&quot;:1}' >\n\t\t<div class=\"uc_post_grid_style_one_wrap ue_post_grid uc-items-wrapper\">\n\t\t\t\n\t\t<\/div>\n\t<\/div>\n\n\n\n<!-- end Post Grid -->\t\t\t\t<\/div>\n\t\t\t\t<\/div>\n\t\t\t\t<\/div>\n\t\t\t\t\t<\/div>\n\t\t\t\t<\/div>\n\t\t\t\t<\/div>\n\t\t","protected":false},"excerpt":{"rendered":"<p>Notizie in evidenza Ferias Agora Fabrics en el Salone del Mobile 2026 y en el Fuorisalone Agora Fabrics en Salone del Mobile y Fuorisalone 2026: colecciones, stand y participaci\u00f3n Otro a\u00f1o m\u00e1s,&#8230; Per saperne di pi\u00f9 Ferias Una noche para celebrar la comunidad de Agora Fabrics !No te pierdas la fiesta de Agora en Jakarta! [&hellip;]<\/p>\n","protected":false},"author":1,"featured_media":0,"parent":0,"menu_order":0,"comment_status":"closed","ping_status":"closed","template":"","meta":{"_acf_changed":false,"footnotes":""},"class_list":["post-12426","page","type-page","status-publish","hentry"],"acf":[],"yoast_head":"<!-- This site is optimized with the Yoast SEO plugin v27.5 - https:\/\/yoast.com\/product\/yoast-seo-wordpress\/ -->\n<title>Notizie - Agora<\/title>\n<meta name=\"robots\" content=\"index, follow, max-snippet:-1, max-image-preview:large, max-video-preview:-1\" \/>\n<link rel=\"canonical\" href=\"https:\/\/agorafabrics.com\/it\/notizie\/\" \/>\n<meta property=\"og:locale\" content=\"it_IT\" \/>\n<meta property=\"og:type\" content=\"article\" \/>\n<meta property=\"og:title\" content=\"Notizie - Agora\" \/>\n<meta property=\"og:description\" content=\"Notizie in evidenza Ferias Agora Fabrics en el Salone del Mobile 2026 y en el Fuorisalone Agora Fabrics en Salone del Mobile y Fuorisalone 2026: colecciones, stand y participaci\u00f3n Otro a\u00f1o m\u00e1s,&#8230; Per saperne di pi\u00f9 Ferias Una noche para celebrar la comunidad de Agora Fabrics !No te pierdas la fiesta de Agora en Jakarta! [&hellip;]\" \/>\n<meta property=\"og:url\" content=\"https:\/\/agorafabrics.com\/it\/notizie\/\" \/>\n<meta property=\"og:site_name\" content=\"Agora\" \/>\n<meta property=\"article:publisher\" content=\"https:\/\/www.facebook.com\/agorafabrics\/\" \/>\n<meta property=\"article:modified_time\" content=\"2026-04-15T18:24:19+00:00\" \/>\n<meta property=\"og:image\" content=\"https:\/\/agorafabrics.com\/wp-content\/uploads\/2026\/04\/PUESTA-DE-SOL-1.png\" \/>\n<meta name=\"twitter:card\" content=\"summary_large_image\" \/>\n<meta name=\"twitter:label1\" content=\"Tempo di lettura stimato\" \/>\n\t<meta name=\"twitter:data1\" content=\"1 minuto\" \/>\n<script type=\"application\/ld+json\" class=\"yoast-schema-graph\">{\"@context\":\"https:\\\/\\\/schema.org\",\"@graph\":[{\"@type\":\"WebPage\",\"@id\":\"https:\\\/\\\/agorafabrics.com\\\/it\\\/notizie\\\/\",\"url\":\"https:\\\/\\\/agorafabrics.com\\\/it\\\/notizie\\\/\",\"name\":\"Notizie - Agora\",\"isPartOf\":{\"@id\":\"https:\\\/\\\/agorafabrics.com\\\/it\\\/#website\"},\"primaryImageOfPage\":{\"@id\":\"https:\\\/\\\/agorafabrics.com\\\/it\\\/notizie\\\/#primaryimage\"},\"image\":{\"@id\":\"https:\\\/\\\/agorafabrics.com\\\/it\\\/notizie\\\/#primaryimage\"},\"thumbnailUrl\":\"https:\\\/\\\/agorafabrics.com\\\/wp-content\\\/uploads\\\/2026\\\/04\\\/PUESTA-DE-SOL-1.png\",\"datePublished\":\"2024-10-09T13:21:55+00:00\",\"dateModified\":\"2026-04-15T18:24:19+00:00\",\"breadcrumb\":{\"@id\":\"https:\\\/\\\/agorafabrics.com\\\/it\\\/notizie\\\/#breadcrumb\"},\"inLanguage\":\"it-IT\",\"potentialAction\":[{\"@type\":\"ReadAction\",\"target\":[\"https:\\\/\\\/agorafabrics.com\\\/it\\\/notizie\\\/\"]}]},{\"@type\":\"ImageObject\",\"inLanguage\":\"it-IT\",\"@id\":\"https:\\\/\\\/agorafabrics.com\\\/it\\\/notizie\\\/#primaryimage\",\"url\":\"https:\\\/\\\/agorafabrics.com\\\/wp-content\\\/uploads\\\/2026\\\/04\\\/PUESTA-DE-SOL-1.png\",\"contentUrl\":\"https:\\\/\\\/agorafabrics.com\\\/wp-content\\\/uploads\\\/2026\\\/04\\\/PUESTA-DE-SOL-1.png\"},{\"@type\":\"BreadcrumbList\",\"@id\":\"https:\\\/\\\/agorafabrics.com\\\/it\\\/notizie\\\/#breadcrumb\",\"itemListElement\":[{\"@type\":\"ListItem\",\"position\":1,\"name\":\"Portada\",\"item\":\"https:\\\/\\\/agorafabrics.com\\\/it\\\/tessuti-da-esterno\\\/\"},{\"@type\":\"ListItem\",\"position\":2,\"name\":\"Notizie\"}]},{\"@type\":\"WebSite\",\"@id\":\"https:\\\/\\\/agorafabrics.com\\\/it\\\/#website\",\"url\":\"https:\\\/\\\/agorafabrics.com\\\/it\\\/\",\"name\":\"Agora\",\"description\":\"F\u00e1brica de tejidos y telas para exterior\",\"publisher\":{\"@id\":\"https:\\\/\\\/agorafabrics.com\\\/it\\\/#organization\"},\"potentialAction\":[{\"@type\":\"SearchAction\",\"target\":{\"@type\":\"EntryPoint\",\"urlTemplate\":\"https:\\\/\\\/agorafabrics.com\\\/it\\\/?s={search_term_string}\"},\"query-input\":{\"@type\":\"PropertyValueSpecification\",\"valueRequired\":true,\"valueName\":\"search_term_string\"}}],\"inLanguage\":\"it-IT\"},{\"@type\":\"Organization\",\"@id\":\"https:\\\/\\\/agorafabrics.com\\\/it\\\/#organization\",\"name\":\"Tessuti Agora\",\"url\":\"https:\\\/\\\/agorafabrics.com\\\/it\\\/\",\"logo\":{\"@type\":\"ImageObject\",\"inLanguage\":\"it-IT\",\"@id\":\"https:\\\/\\\/agorafabrics.com\\\/it\\\/#\\\/schema\\\/logo\\\/image\\\/\",\"url\":\"https:\\\/\\\/agorafabrics.com\\\/wp-content\\\/uploads\\\/2024\\\/07\\\/Agora-Logo.jpg\",\"contentUrl\":\"https:\\\/\\\/agorafabrics.com\\\/wp-content\\\/uploads\\\/2024\\\/07\\\/Agora-Logo.jpg\",\"width\":2292,\"height\":756,\"caption\":\"Tessuti Agora\"},\"image\":{\"@id\":\"https:\\\/\\\/agorafabrics.com\\\/it\\\/#\\\/schema\\\/logo\\\/image\\\/\"},\"sameAs\":[\"https:\\\/\\\/www.facebook.com\\\/agorafabrics\\\/\",\"https:\\\/\\\/www.instagram.com\\\/agorafabrics\\\/\",\"https:\\\/\\\/www.linkedin.com\\\/company\\\/tuvatextil\\\/\",\"https:\\\/\\\/vimeo.com\\\/user139090508\",\"https:\\\/\\\/www.youtube.com\\\/channel\\\/UC6iNTVqBR6UsJBzO5OZTymw\",\"https:\\\/\\\/www.pinterest.es\\\/agorafabrics\\\/\"]}]}<\/script>\n<!-- \/ Yoast SEO plugin. -->","yoast_head_json":{"title":"Notizie - Agora","robots":{"index":"index","follow":"follow","max-snippet":"max-snippet:-1","max-image-preview":"max-image-preview:large","max-video-preview":"max-video-preview:-1"},"canonical":"https:\/\/agorafabrics.com\/it\/notizie\/","og_locale":"it_IT","og_type":"article","og_title":"Notizie - Agora","og_description":"Notizie in evidenza Ferias Agora Fabrics en el Salone del Mobile 2026 y en el Fuorisalone Agora Fabrics en Salone del Mobile y Fuorisalone 2026: colecciones, stand y participaci\u00f3n Otro a\u00f1o m\u00e1s,&#8230; Per saperne di pi\u00f9 Ferias Una noche para celebrar la comunidad de Agora Fabrics !No te pierdas la fiesta de Agora en Jakarta! [&hellip;]","og_url":"https:\/\/agorafabrics.com\/it\/notizie\/","og_site_name":"Agora","article_publisher":"https:\/\/www.facebook.com\/agorafabrics\/","article_modified_time":"2026-04-15T18:24:19+00:00","og_image":[{"url":"https:\/\/agorafabrics.com\/wp-content\/uploads\/2026\/04\/PUESTA-DE-SOL-1.png","type":"","width":"","height":""}],"twitter_card":"summary_large_image","twitter_misc":{"Tempo di lettura stimato":"1 minuto"},"schema":{"@context":"https:\/\/schema.org","@graph":[{"@type":"WebPage","@id":"https:\/\/agorafabrics.com\/it\/notizie\/","url":"https:\/\/agorafabrics.com\/it\/notizie\/","name":"Notizie - Agora","isPartOf":{"@id":"https:\/\/agorafabrics.com\/it\/#website"},"primaryImageOfPage":{"@id":"https:\/\/agorafabrics.com\/it\/notizie\/#primaryimage"},"image":{"@id":"https:\/\/agorafabrics.com\/it\/notizie\/#primaryimage"},"thumbnailUrl":"https:\/\/agorafabrics.com\/wp-content\/uploads\/2026\/04\/PUESTA-DE-SOL-1.png","datePublished":"2024-10-09T13:21:55+00:00","dateModified":"2026-04-15T18:24:19+00:00","breadcrumb":{"@id":"https:\/\/agorafabrics.com\/it\/notizie\/#breadcrumb"},"inLanguage":"it-IT","potentialAction":[{"@type":"ReadAction","target":["https:\/\/agorafabrics.com\/it\/notizie\/"]}]},{"@type":"ImageObject","inLanguage":"it-IT","@id":"https:\/\/agorafabrics.com\/it\/notizie\/#primaryimage","url":"https:\/\/agorafabrics.com\/wp-content\/uploads\/2026\/04\/PUESTA-DE-SOL-1.png","contentUrl":"https:\/\/agorafabrics.com\/wp-content\/uploads\/2026\/04\/PUESTA-DE-SOL-1.png"},{"@type":"BreadcrumbList","@id":"https:\/\/agorafabrics.com\/it\/notizie\/#breadcrumb","itemListElement":[{"@type":"ListItem","position":1,"name":"Portada","item":"https:\/\/agorafabrics.com\/it\/tessuti-da-esterno\/"},{"@type":"ListItem","position":2,"name":"Notizie"}]},{"@type":"WebSite","@id":"https:\/\/agorafabrics.com\/it\/#website","url":"https:\/\/agorafabrics.com\/it\/","name":"Agora","description":"F\u00e1brica de tejidos y telas para exterior","publisher":{"@id":"https:\/\/agorafabrics.com\/it\/#organization"},"potentialAction":[{"@type":"SearchAction","target":{"@type":"EntryPoint","urlTemplate":"https:\/\/agorafabrics.com\/it\/?s={search_term_string}"},"query-input":{"@type":"PropertyValueSpecification","valueRequired":true,"valueName":"search_term_string"}}],"inLanguage":"it-IT"},{"@type":"Organization","@id":"https:\/\/agorafabrics.com\/it\/#organization","name":"Tessuti Agora","url":"https:\/\/agorafabrics.com\/it\/","logo":{"@type":"ImageObject","inLanguage":"it-IT","@id":"https:\/\/agorafabrics.com\/it\/#\/schema\/logo\/image\/","url":"https:\/\/agorafabrics.com\/wp-content\/uploads\/2024\/07\/Agora-Logo.jpg","contentUrl":"https:\/\/agorafabrics.com\/wp-content\/uploads\/2024\/07\/Agora-Logo.jpg","width":2292,"height":756,"caption":"Tessuti Agora"},"image":{"@id":"https:\/\/agorafabrics.com\/it\/#\/schema\/logo\/image\/"},"sameAs":["https:\/\/www.facebook.com\/agorafabrics\/","https:\/\/www.instagram.com\/agorafabrics\/","https:\/\/www.linkedin.com\/company\/tuvatextil\/","https:\/\/vimeo.com\/user139090508","https:\/\/www.youtube.com\/channel\/UC6iNTVqBR6UsJBzO5OZTymw","https:\/\/www.pinterest.es\/agorafabrics\/"]}]}},"_links":{"self":[{"href":"https:\/\/agorafabrics.com\/it\/wp-json\/wp\/v2\/pages\/12426","targetHints":{"allow":["GET"]}}],"collection":[{"href":"https:\/\/agorafabrics.com\/it\/wp-json\/wp\/v2\/pages"}],"about":[{"href":"https:\/\/agorafabrics.com\/it\/wp-json\/wp\/v2\/types\/page"}],"author":[{"embeddable":true,"href":"https:\/\/agorafabrics.com\/it\/wp-json\/wp\/v2\/users\/1"}],"replies":[{"embeddable":true,"href":"https:\/\/agorafabrics.com\/it\/wp-json\/wp\/v2\/comments?post=12426"}],"version-history":[{"count":7,"href":"https:\/\/agorafabrics.com\/it\/wp-json\/wp\/v2\/pages\/12426\/revisions"}],"predecessor-version":[{"id":28815,"href":"https:\/\/agorafabrics.com\/it\/wp-json\/wp\/v2\/pages\/12426\/revisions\/28815"}],"wp:attachment":[{"href":"https:\/\/agorafabrics.com\/it\/wp-json\/wp\/v2\/media?parent=12426"}],"curies":[{"name":"wp","href":"https:\/\/api.w.org\/{rel}","templated":true}]}}